{"id":892,"date":"2023-03-20T15:44:12","date_gmt":"2023-03-20T14:44:12","guid":{"rendered":"http:\/\/nlautis-gadamael.savviihq.com\/?page_id=892"},"modified":"2023-07-07T13:39:49","modified_gmt":"2023-07-07T11:39:49","slug":"beklemek-mi-yoksa-harekete-gecmek-mi-2","status":"publish","type":"page","link":"https:\/\/www.autismejongekind.nl\/tr\/autisme-bij-kinderen-informatie-voor-ouders\/stappenplan-bij-een-vermoeden-van-autisme\/afwachten-of-actie-ondernemen\/","title":{"rendered":"Beklemek mi, yoksa harekete ge\u00e7mek mi?"},"content":{"rendered":"<p><strong>Baz\u0131 geli\u015fimsel bozukluklar, \u00f6rne\u011fin otizm (OSB), \u00e7ocukta \u00e7ok gen\u00e7 ya\u015fta kendini g\u00f6sterir. Bu nedenle, \u00f6zellikle \u00e7ocuk hen\u00fcz k\u00fc\u00e7\u00fckken, \u00e7ocu\u011funuzun geli\u015fimindeki sorunlara dikkat etmek \u00f6nemlidir. K\u00fc\u00e7\u00fck \u00e7ocuklar i\u00e7in nispeten \"hafif\" yard\u0131m, geli\u015fimlerini olumlu y\u00f6nde etkilemek i\u00e7in genellikle yeterlidir.\u00a0<\/strong><\/p>\n<h2>Geli\u015fimsel bir sorun mu yoksa de\u011fil mi?<\/h2>\n<p>\u00c7o\u011fu \u00e7ocu\u011fun belirli \u015feyleri yapabilece\u011fi ortalama ya\u015flar vard\u0131r (bak\u0131n\u0131z: <a href=\"https:\/\/www.autismejongekind.nl\/tr\/cocuklarda-otizm-ebeveynler-icin-bilgilendirme\/cocugumda-otizm-var-mi\/genel-gelisim\/\">\u00e7ocuklar\u0131n genel geli\u015fimi<\/a>). Ayn\u0131 zamanda, her \u00e7ocuk benzersizdir ve her \u00e7ocuk kendi h\u0131z\u0131nda geli\u015fir. Bu nedenle, bazen geli\u015fimsel problemlerin kendili\u011finden \u00e7\u00f6z\u00fclece\u011fini mi yoksa geli\u015fimi te\u015fvik etmek i\u00e7in yard\u0131ma ihtiya\u00e7 duyulaca\u011f\u0131n\u0131 belirlemek zor olabilir.<\/p>\n<p>Genellikle ebeveynler ve uzmanlar bekleyip g\u00f6rmeye meyillidir. Bu uygun olabilir, \u00e7\u00fcnk\u00fc \u00e7ocuklar\u0131n geli\u015fiminde ani bir ilerleme olabilir. Bu durumda, sorunlar\u0131n ge\u00e7ici oldu\u011fu ortaya \u00e7\u0131kar. Ancak bazen bekleyerek, yanl\u0131\u015fl\u0131kla de\u011ferli zaman kaybedilir ve sorunlar artar. Oysa k\u00fc\u00e7\u00fck \u00e7ocuklar i\u00e7in, g\u00f6receli olarak \"hafif\" yard\u0131m genellikle geli\u015fimlerini olumlu y\u00f6nde etkilemek i\u00e7in yeterlidir.<\/p>\n<h2>Neden erken harekete ge\u00e7melisiniz?<\/h2>\n<p>\u00c7ocu\u011funuzun geli\u015fimindeki ilk i\u015faretlerde harekete ge\u00e7meniz gerekti\u011fine dair \u00fc\u00e7 neden \u015funlard\u0131r:<\/p>\n<ul>\n<li aria-level=\"1\"><strong>K\u00fc\u00e7\u00fck \u00e7ocuklar h\u0131zl\u0131 \u00f6\u011frenir<\/strong><br \/>\nK\u00fc\u00e7\u00fck \u00e7ocuklar\u0131n beyinleri (\u00f6zellikle 3 ya\u015f\u0131n alt\u0131ndakiler) daha b\u00fcy\u00fck \u00e7ocuklar\u0131n veya yeti\u015fkinlerin beyinlerinden daha esnektir. Bu nedenle k\u00fc\u00e7\u00fck \u00e7ocuklar yeni becerileri daha kolay \u00f6\u011frenirler.\nK\u00fc\u00e7\u00fck \u00e7ocuklar\u0131n beyinleri (\u00f6zellikle 3 ya\u015f\u0131n alt\u0131ndakiler), daha b\u00fcy\u00fck \u00e7ocuklar\u0131n veya yeti\u015fkinlerin beyinlerinden daha esnektir. Bu nedenle k\u00fc\u00e7\u00fck \u00e7ocuklar yeni becerileri daha kolay \u00f6\u011frenirler.<\/li>\n<li aria-level=\"1\"><strong>Geli\u015fim alanlar\u0131 yak\u0131ndan birbirine ba\u011fl\u0131d\u0131r<\/strong><br \/>\nHayat\u0131n ilk d\u00f6rt y\u0131l\u0131nda, \u00e7ocuklar t\u00fcm geli\u015fim alanlar\u0131nda ayn\u0131 anda h\u0131zl\u0131 bir \u015fekilde b\u00fcy\u00fcrler. Motor, duygusal, bili\u015fsel, sosyal, dil ve konu\u015fma becerileri gibi farkl\u0131 geli\u015fim alanlar\u0131nda geli\u015firler. Bu geli\u015fim alanlar\u0131 birbirine s\u0131k\u0131 s\u0131k\u0131ya ba\u011fl\u0131d\u0131r. Bir alandaki yeni beceriler, di\u011fer alanlar\u0131n da geli\u015fimini etkiler. \u00d6rne\u011fin y\u00fcr\u00fcmeyi \u00f6\u011frenmek bir motor geli\u015fimdir. Ancak bu geli\u015fim, nesneleri anlama becerisini de etkiler (bili\u015fsel geli\u015fim). \u00c7ocu\u011funuzun d\u00fcnyas\u0131 geni\u015fledik\u00e7e, daha fazlas\u0131n\u0131 ke\u015ffedebilir. Tersine, bir alandaki bir sorun di\u011fer alanlarda da olumsuz etki yaratabilir (\u00f6rnek bak\u0131n\u0131z).<\/p>\n<table border=\"1\">\n<tbody>\n<tr>\n<td><span style=\"font-size: 12pt;\"><strong>\u00d6rnek<br \/>\n<\/strong>E\u011fer bebe\u011finiz emeklemekte veya nesneleri kavramakta zorluk \u00e7ekiyorsa, kolayl\u0131kla hareket eden bir \u00e7ocuktan farkl\u0131 bir \u015fekilde d\u00fcnya'y\u0131 tecr\u00fcbe edecektir.\nBu ayn\u0131 zamanda anlama geli\u015fimini de do\u011frudan etkiler. \u00c7\u00fcnk\u00fc hareket ederek ve nesneleri kavrayarak, \u00e7ocuklar \u00f6rne\u011fin sert ile yumu\u015fak ya da s\u0131cak ile so\u011fuk aras\u0131ndaki fark\u0131 \u00f6\u011frenirler. \u015eekilleri, yap\u0131lar\u0131 ve dokular\u0131 hakk\u0131nda bilgi edinirler. \u00c7ocuklar bir \u015feye dokunduklar\u0131nda, ebeveynler genellikle onlara ne oldu\u011funu s\u00f6ylerler: \"Bu \u0131s\u0131t\u0131c\u0131. S\u0131cak.\" Ya da: \"Vay can\u0131na, bu yast\u0131k g\u00fczel ve yumu\u015fak, de\u011fil mi?\". E\u011fer \u00e7ocu\u011funuz daha az ke\u015ffediyorsa, sizin olarak da yeni \u015feyleri adland\u0131rman\u0131z i\u00e7in daha az nedeniniz olur. Bu \u015fekilde, motor 'problemi' d\u00fcnya anlay\u0131\u015f\u0131 ve dil geli\u015fimi \u00fczerinde bir etkiye sahiptir.<\/span><\/td>\n<\/tr>\n<\/tbody>\n<\/table>\n<\/li>\n<li aria-level=\"1\"><strong>Siz ve \u00e7ocu\u011funuz birbirinizi etkiliyorsunuz<\/strong><br \/>\n\u00c7ocuklar aile i\u00e7indeki gerilimlere hassas bir \u015fekilde tepki verebilirler. Ek olarak, \u00e7ocuktaki geli\u015fimsel problemler ebeveynler i\u00e7in belirsizlik ve gerilim yaratabilir. Bu durumda, ebeveynler \u00e7ocuklar\u0131yla etkile\u015fimlerinde g\u00fc\u00e7s\u00fcz hissedebilirler. Bu \u015fekilde, ebeveyn ve \u00e7ocuk aras\u0131ndaki ili\u015fkide sorunlar ortaya \u00e7\u0131kabilir veya g\u00fc\u00e7lendirilebilir.<\/li>\n<\/ul>\n<h2>\u00c7ocu\u011funuzda (\u015f\u00fcpheli) otizm varsa ne gibi ad\u0131mlar at\u0131labilir?<\/h2>\n<p>Bu nedenle, \u00e7ocu\u011funuzun di\u011fer \u00e7ocuklardan farkl\u0131 geli\u015fti\u011fini d\u00fc\u015f\u00fcn\u00fcyorsan\u0131z ve\/veya \u00e7ocu\u011funuzda otizm \u015f\u00fcphesi varsa, harekete ge\u00e7mek \u00f6nemli olabilir. Bunun i\u00e7in a\u015fa\u011f\u0131daki ad\u0131mlar\u0131 takip edebilirsiniz:<\/p>\n<ul>\n<li aria-level=\"1\"><a href=\"https:\/\/www.autismejongekind.nl\/tr\/cocuklarda-otizm-ebeveynler-icin-bilgilendirme\/otizm-suphesi-durumunda-adim-adim-plan\/adim-1-otizmi-cocugunuzda-anlamak\/\">Ad\u0131m 1: \u00c7ocu\u011funuzun otizmini anlamak<\/a><\/li>\n<li aria-level=\"1\"><a href=\"https:\/\/www.autismejongekind.nl\/tr\/cocuklarda-otizm-ebeveynler-icin-bilgilendirme\/otizm-suphesi-durumunda-adim-adim-plan\/adim-2-gelisimi-ve-olumlu-davranislari-tesvik-etmek\/\">Ad\u0131m 2: Geli\u015fimi ve olumlu davran\u0131\u015f\u0131 te\u015fvik etmek<\/a><\/li>\n<li aria-level=\"1\"><a href=\"https:\/\/www.autismejongekind.nl\/tr\/cocuklarda-otizm-ebeveynler-icin-bilgilendirme\/otizm-suphesi-durumunda-adim-adim-plan\/gunluk-durumlarda-cocugunuza-yardimci-olmak\/\">Ad\u0131m 3: G\u00fcnl\u00fck durumlarda \u00e7ocu\u011funuza yard\u0131mc\u0131 olmak<\/a><\/li>\n<li aria-level=\"1\"><a href=\"https:\/\/www.autismejongekind.nl\/tr\/cocuklarda-otizm-ebeveynler-icin-bilgilendirme\/otizm-suphesi-durumunda-adim-adim-plan\/adim-4-profesyonel-yardim-alma\/\">Ad\u0131m 4: Profesyonel yard\u0131m alma<\/a><\/li>\n<\/ul>\n<p><iframe loading=\"lazy\" title=\"YouTube video player\" src=\"https:\/\/www.youtube.com\/embed\/ongMBPzmjfQ\" width=\"650\" height=\"315\" frameborder=\"0\" allowfullscreen=\"allowfullscreen\"><\/iframe><\/p>","protected":false},"excerpt":{"rendered":"<p>Sommige ontwikkelingsstoornissen, zoals autisme (ASS), openbaren zich bij een kind al op hele jonge leeftijd. Het is daarom belangrijk aandacht te hebben voor problemen in de ontwikkeling van je kind, juist als het nog jong is. Voor jonge kinderen is relatief &#8216;lichte&#8217; hulp namelijk vaak al genoeg om de ontwikkeling gunstig te be\u00efnvloeden.\u00a0 Wel of [&hellip;]<\/p>\n","protected":false},"author":27,"featured_media":5842,"parent":1893,"menu_order":0,"comment_status":"closed","ping_status":"closed","template":"template-page-full-width-image.php","meta":{"_acf_changed":false,"footnotes":""},"class_list":["post-892","page","type-page","status-publish","has-post-thumbnail","hentry"],"acf":[],"yoast_head":"<!-- This site is optimized with the Yoast SEO plugin v27.3 - https:\/\/yoast.com\/product\/yoast-seo-wordpress\/ -->\n<title>Je kind heeft misschien autisme: wel of geen actie ondernemen?<\/title>\n<meta name=\"description\" content=\"Jouw kindje ontwikkelt zich anders dan andere kinderen en heeft misschien autisme. Onderneem je actie of nog niet?\" \/>\n<meta name=\"robots\" content=\"index, follow, max-snippet:-1, max-image-preview:large, max-video-preview:-1\" \/>\n<link rel=\"canonical\" href=\"https:\/\/www.autismejongekind.nl\/tr\/cocuklarda-otizm-ebeveynler-icin-bilgilendirme\/otizm-suphesi-durumunda-adim-adim-plan\/beklemek-mi-yoksa-harekete-gecmek-mi-2\/\" \/>\n<meta property=\"og:locale\" content=\"tr_TR\" \/>\n<meta property=\"og:type\" content=\"article\" \/>\n<meta property=\"og:title\" content=\"Je kind heeft misschien autisme: wel of geen actie ondernemen?\" \/>\n<meta property=\"og:description\" content=\"Jouw kindje ontwikkelt zich anders dan andere kinderen en heeft misschien autisme. Onderneem je actie of nog niet?\" \/>\n<meta property=\"og:url\" content=\"https:\/\/www.autismejongekind.nl\/tr\/cocuklarda-otizm-ebeveynler-icin-bilgilendirme\/otizm-suphesi-durumunda-adim-adim-plan\/beklemek-mi-yoksa-harekete-gecmek-mi-2\/\" \/>\n<meta property=\"og:site_name\" content=\"Autisme Jonge Kind\" \/>\n<meta property=\"article:modified_time\" content=\"2023-07-07T11:39:49+00:00\" \/>\n<meta property=\"og:image\" content=\"https:\/\/www.autismejongekind.nl\/wp-content\/uploads\/2023\/03\/afwachten-of-actie-ondernemen-bij-autisme-scaled.jpg\" \/>\n\t<meta property=\"og:image:width\" content=\"2560\" \/>\n\t<meta property=\"og:image:height\" content=\"1707\" \/>\n\t<meta property=\"og:image:type\" content=\"image\/jpeg\" \/>\n<meta name=\"twitter:card\" content=\"summary_large_image\" \/>\n<meta name=\"twitter:label1\" content=\"Tahmini okuma s\u00fcresi\" \/>\n\t<meta name=\"twitter:data1\" content=\"4 dakika\" \/>\n<script type=\"application\/ld+json\" class=\"yoast-schema-graph\">{\"@context\":\"https:\\\/\\\/schema.org\",\"@graph\":[{\"@type\":\"WebPage\",\"@id\":\"https:\\\/\\\/www.autismejongekind.nl\\\/autisme-bij-kinderen-informatie-voor-ouders\\\/stappenplan-bij-een-vermoeden-van-autisme\\\/afwachten-of-actie-ondernemen\\\/\",\"url\":\"https:\\\/\\\/www.autismejongekind.nl\\\/autisme-bij-kinderen-informatie-voor-ouders\\\/stappenplan-bij-een-vermoeden-van-autisme\\\/afwachten-of-actie-ondernemen\\\/\",\"name\":\"Je kind heeft misschien autisme: wel of geen actie ondernemen?\",\"isPartOf\":{\"@id\":\"https:\\\/\\\/www.autismejongekind.nl\\\/#website\"},\"primaryImageOfPage\":{\"@id\":\"https:\\\/\\\/www.autismejongekind.nl\\\/autisme-bij-kinderen-informatie-voor-ouders\\\/stappenplan-bij-een-vermoeden-van-autisme\\\/afwachten-of-actie-ondernemen\\\/#primaryimage\"},\"image\":{\"@id\":\"https:\\\/\\\/www.autismejongekind.nl\\\/autisme-bij-kinderen-informatie-voor-ouders\\\/stappenplan-bij-een-vermoeden-van-autisme\\\/afwachten-of-actie-ondernemen\\\/#primaryimage\"},\"thumbnailUrl\":\"https:\\\/\\\/www.autismejongekind.nl\\\/wp-content\\\/uploads\\\/2023\\\/03\\\/afwachten-of-actie-ondernemen-bij-autisme-scaled.jpg\",\"datePublished\":\"2023-03-20T14:44:12+00:00\",\"dateModified\":\"2023-07-07T11:39:49+00:00\",\"description\":\"Jouw kindje ontwikkelt zich anders dan andere kinderen en heeft misschien autisme. Onderneem je actie of nog niet?\",\"breadcrumb\":{\"@id\":\"https:\\\/\\\/www.autismejongekind.nl\\\/autisme-bij-kinderen-informatie-voor-ouders\\\/stappenplan-bij-een-vermoeden-van-autisme\\\/afwachten-of-actie-ondernemen\\\/#breadcrumb\"},\"inLanguage\":\"tr\",\"potentialAction\":[{\"@type\":\"ReadAction\",\"target\":[\"https:\\\/\\\/www.autismejongekind.nl\\\/autisme-bij-kinderen-informatie-voor-ouders\\\/stappenplan-bij-een-vermoeden-van-autisme\\\/afwachten-of-actie-ondernemen\\\/\"]}]},{\"@type\":\"ImageObject\",\"inLanguage\":\"tr\",\"@id\":\"https:\\\/\\\/www.autismejongekind.nl\\\/autisme-bij-kinderen-informatie-voor-ouders\\\/stappenplan-bij-een-vermoeden-van-autisme\\\/afwachten-of-actie-ondernemen\\\/#primaryimage\",\"url\":\"https:\\\/\\\/www.autismejongekind.nl\\\/wp-content\\\/uploads\\\/2023\\\/03\\\/afwachten-of-actie-ondernemen-bij-autisme-scaled.jpg\",\"contentUrl\":\"https:\\\/\\\/www.autismejongekind.nl\\\/wp-content\\\/uploads\\\/2023\\\/03\\\/afwachten-of-actie-ondernemen-bij-autisme-scaled.jpg\",\"width\":2560,\"height\":1707,\"caption\":\"afwachten of actie ondernemen bij autisme\"},{\"@type\":\"BreadcrumbList\",\"@id\":\"https:\\\/\\\/www.autismejongekind.nl\\\/autisme-bij-kinderen-informatie-voor-ouders\\\/stappenplan-bij-een-vermoeden-van-autisme\\\/afwachten-of-actie-ondernemen\\\/#breadcrumb\",\"itemListElement\":[{\"@type\":\"ListItem\",\"position\":1,\"name\":\"Home\",\"item\":\"https:\\\/\\\/www.autismejongekind.nl\\\/\"},{\"@type\":\"ListItem\",\"position\":2,\"name\":\"Autisme bij kinderen: informatie voor ouders\",\"item\":\"https:\\\/\\\/www.autismejongekind.nl\\\/autisme-bij-kinderen-informatie-voor-ouders\\\/\"},{\"@type\":\"ListItem\",\"position\":3,\"name\":\"Stappenplan bij een vermoeden van autisme\",\"item\":\"https:\\\/\\\/www.autismejongekind.nl\\\/autisme-bij-kinderen-informatie-voor-ouders\\\/stappenplan-bij-een-vermoeden-van-autisme\\\/\"},{\"@type\":\"ListItem\",\"position\":4,\"name\":\"Afwachten of actie ondernemen?\"}]},{\"@type\":\"WebSite\",\"@id\":\"https:\\\/\\\/www.autismejongekind.nl\\\/#website\",\"url\":\"https:\\\/\\\/www.autismejongekind.nl\\\/\",\"name\":\"Autisme Jonge Kind\",\"description\":\"\",\"potentialAction\":[{\"@type\":\"SearchAction\",\"target\":{\"@type\":\"EntryPoint\",\"urlTemplate\":\"https:\\\/\\\/www.autismejongekind.nl\\\/?s={search_term_string}\"},\"query-input\":{\"@type\":\"PropertyValueSpecification\",\"valueRequired\":true,\"valueName\":\"search_term_string\"}}],\"inLanguage\":\"tr\"}]}<\/script>\n<!-- \/ Yoast SEO plugin. -->","yoast_head_json":{"title":"\u00c7ocu\u011funuz otizmli olabilir: Harekete ge\u00e7er misiniz yoksa beklersiniz mi?","description":"\u00c7ocu\u011funuz di\u011fer \u00e7ocuklardan farkl\u0131 bir \u015fekilde geli\u015fiyor ve otizmli olabilir. Hen\u00fcz harekete ge\u00e7mek mi yoksa beklemek mi mant\u0131kl\u0131, burada erken harekete ge\u00e7menin ne zaman uygun oldu\u011funu okuyabilirsiniz.","robots":{"index":"index","follow":"follow","max-snippet":"max-snippet:-1","max-image-preview":"max-image-preview:large","max-video-preview":"max-video-preview:-1"},"canonical":"https:\/\/www.autismejongekind.nl\/tr\/cocuklarda-otizm-ebeveynler-icin-bilgilendirme\/otizm-suphesi-durumunda-adim-adim-plan\/beklemek-mi-yoksa-harekete-gecmek-mi-2\/","og_locale":"tr_TR","og_type":"article","og_title":"Je kind heeft misschien autisme: wel of geen actie ondernemen?","og_description":"Jouw kindje ontwikkelt zich anders dan andere kinderen en heeft misschien autisme. Onderneem je actie of nog niet?","og_url":"https:\/\/www.autismejongekind.nl\/tr\/cocuklarda-otizm-ebeveynler-icin-bilgilendirme\/otizm-suphesi-durumunda-adim-adim-plan\/beklemek-mi-yoksa-harekete-gecmek-mi-2\/","og_site_name":"Autisme Jonge Kind","article_modified_time":"2023-07-07T11:39:49+00:00","og_image":[{"width":2560,"height":1707,"url":"https:\/\/www.autismejongekind.nl\/wp-content\/uploads\/2023\/03\/afwachten-of-actie-ondernemen-bij-autisme-scaled.jpg","type":"image\/jpeg"}],"twitter_card":"summary_large_image","twitter_misc":{"Tahmini okuma s\u00fcresi":"4 dakika"},"schema":{"@context":"https:\/\/schema.org","@graph":[{"@type":"WebPage","@id":"https:\/\/www.autismejongekind.nl\/autisme-bij-kinderen-informatie-voor-ouders\/stappenplan-bij-een-vermoeden-van-autisme\/afwachten-of-actie-ondernemen\/","url":"https:\/\/www.autismejongekind.nl\/autisme-bij-kinderen-informatie-voor-ouders\/stappenplan-bij-een-vermoeden-van-autisme\/afwachten-of-actie-ondernemen\/","name":"\u00c7ocu\u011funuz otizmli olabilir: Harekete ge\u00e7er misiniz yoksa beklersiniz mi?","isPartOf":{"@id":"https:\/\/www.autismejongekind.nl\/#website"},"primaryImageOfPage":{"@id":"https:\/\/www.autismejongekind.nl\/autisme-bij-kinderen-informatie-voor-ouders\/stappenplan-bij-een-vermoeden-van-autisme\/afwachten-of-actie-ondernemen\/#primaryimage"},"image":{"@id":"https:\/\/www.autismejongekind.nl\/autisme-bij-kinderen-informatie-voor-ouders\/stappenplan-bij-een-vermoeden-van-autisme\/afwachten-of-actie-ondernemen\/#primaryimage"},"thumbnailUrl":"https:\/\/www.autismejongekind.nl\/wp-content\/uploads\/2023\/03\/afwachten-of-actie-ondernemen-bij-autisme-scaled.jpg","datePublished":"2023-03-20T14:44:12+00:00","dateModified":"2023-07-07T11:39:49+00:00","description":"\u00c7ocu\u011funuz di\u011fer \u00e7ocuklardan farkl\u0131 bir \u015fekilde geli\u015fiyor ve otizmli olabilir. Hen\u00fcz harekete ge\u00e7mek mi yoksa beklemek mi mant\u0131kl\u0131, burada erken harekete ge\u00e7menin ne zaman uygun oldu\u011funu okuyabilirsiniz.","breadcrumb":{"@id":"https:\/\/www.autismejongekind.nl\/autisme-bij-kinderen-informatie-voor-ouders\/stappenplan-bij-een-vermoeden-van-autisme\/afwachten-of-actie-ondernemen\/#breadcrumb"},"inLanguage":"tr","potentialAction":[{"@type":"ReadAction","target":["https:\/\/www.autismejongekind.nl\/autisme-bij-kinderen-informatie-voor-ouders\/stappenplan-bij-een-vermoeden-van-autisme\/afwachten-of-actie-ondernemen\/"]}]},{"@type":"ImageObject","inLanguage":"tr","@id":"https:\/\/www.autismejongekind.nl\/autisme-bij-kinderen-informatie-voor-ouders\/stappenplan-bij-een-vermoeden-van-autisme\/afwachten-of-actie-ondernemen\/#primaryimage","url":"https:\/\/www.autismejongekind.nl\/wp-content\/uploads\/2023\/03\/afwachten-of-actie-ondernemen-bij-autisme-scaled.jpg","contentUrl":"https:\/\/www.autismejongekind.nl\/wp-content\/uploads\/2023\/03\/afwachten-of-actie-ondernemen-bij-autisme-scaled.jpg","width":2560,"height":1707,"caption":"afwachten of actie ondernemen bij autisme"},{"@type":"BreadcrumbList","@id":"https:\/\/www.autismejongekind.nl\/autisme-bij-kinderen-informatie-voor-ouders\/stappenplan-bij-een-vermoeden-van-autisme\/afwachten-of-actie-ondernemen\/#breadcrumb","itemListElement":[{"@type":"ListItem","position":1,"name":"Home","item":"https:\/\/www.autismejongekind.nl\/"},{"@type":"ListItem","position":2,"name":"Autisme bij kinderen: informatie voor ouders","item":"https:\/\/www.autismejongekind.nl\/autisme-bij-kinderen-informatie-voor-ouders\/"},{"@type":"ListItem","position":3,"name":"Stappenplan bij een vermoeden van autisme","item":"https:\/\/www.autismejongekind.nl\/autisme-bij-kinderen-informatie-voor-ouders\/stappenplan-bij-een-vermoeden-van-autisme\/"},{"@type":"ListItem","position":4,"name":"Afwachten of actie ondernemen?"}]},{"@type":"WebSite","@id":"https:\/\/www.autismejongekind.nl\/#website","url":"https:\/\/www.autismejongekind.nl\/","name":"Autisme Jonge Kind","description":"","potentialAction":[{"@type":"SearchAction","target":{"@type":"EntryPoint","urlTemplate":"https:\/\/www.autismejongekind.nl\/?s={search_term_string}"},"query-input":{"@type":"PropertyValueSpecification","valueRequired":true,"valueName":"search_term_string"}}],"inLanguage":"tr"}]}},"_links":{"self":[{"href":"https:\/\/www.autismejongekind.nl\/tr\/wp-json\/wp\/v2\/pages\/892","targetHints":{"allow":["GET"]}}],"collection":[{"href":"https:\/\/www.autismejongekind.nl\/tr\/wp-json\/wp\/v2\/pages"}],"about":[{"href":"https:\/\/www.autismejongekind.nl\/tr\/wp-json\/wp\/v2\/types\/page"}],"author":[{"embeddable":true,"href":"https:\/\/www.autismejongekind.nl\/tr\/wp-json\/wp\/v2\/users\/27"}],"replies":[{"embeddable":true,"href":"https:\/\/www.autismejongekind.nl\/tr\/wp-json\/wp\/v2\/comments?post=892"}],"version-history":[{"count":72,"href":"https:\/\/www.autismejongekind.nl\/tr\/wp-json\/wp\/v2\/pages\/892\/revisions"}],"predecessor-version":[{"id":6970,"href":"https:\/\/www.autismejongekind.nl\/tr\/wp-json\/wp\/v2\/pages\/892\/revisions\/6970"}],"up":[{"embeddable":true,"href":"https:\/\/www.autismejongekind.nl\/tr\/wp-json\/wp\/v2\/pages\/1893"}],"wp:featuredmedia":[{"embeddable":true,"href":"https:\/\/www.autismejongekind.nl\/tr\/wp-json\/wp\/v2\/media\/5842"}],"wp:attachment":[{"href":"https:\/\/www.autismejongekind.nl\/tr\/wp-json\/wp\/v2\/media?parent=892"}],"curies":[{"name":"wp","href":"https:\/\/api.w.org\/{rel}","templated":true}]}}