{"id":889,"date":"2023-03-20T15:42:28","date_gmt":"2023-03-20T14:42:28","guid":{"rendered":"http:\/\/nlautis-gadamael.savviihq.com\/?page_id=889"},"modified":"2026-04-30T15:36:03","modified_gmt":"2026-04-30T13:36:03","slug":"genel-gelisim","status":"publish","type":"page","link":"https:\/\/www.autismejongekind.nl\/tr\/autisme-bij-kinderen-informatie-voor-ouders\/heeft-mijn-kind-autisme\/algemene-ontwikkeling\/","title":{"rendered":"\u00c7ocuklar\u0131n genel geli\u015fimi"},"content":{"rendered":"<p><b>K\u00fc\u00e7\u00fck bir \u00e7ocu\u011fun ebeveyni olarak, onun geli\u015fimi hakk\u0131nda endi\u015felenebilirsiniz. E\u011fer \u00f6yleyse, her \u00e7ocu\u011fun genel geli\u015fiminin farkl\u0131 oldu\u011funu fark etmek \u00f6nemlidir. Her \u00e7ocuk kendi h\u0131z\u0131nda geli\u015fir. Baz\u0131 \u00e7ocuklar h\u0131zl\u0131 bir \u015fekilde ilk kelime ve ad\u0131mlar\u0131n\u0131 atarken, di\u011ferleri daha yava\u015f bir \u015fekilde geli\u015febilir\u00a0<\/b><\/p>\n<h2>\u00c7ocu\u011fun genel geli\u015fiminde 'normal' olarak kabul edilen nedir?<\/h2>\n<p>\u00c7ocu\u011funuzun bir geli\u015fim problemi olup olmad\u0131\u011f\u0131n\u0131 \u00f6\u011frenmek mi istiyorsunuz? \u00d6rne\u011fin, otizm (OSB) gibi bir durumda? Bu durumda, \u00e7o\u011fu \u00e7ocu\u011fun genel geli\u015fiminin nas\u0131l ilerledi\u011fini \u00f6ncelikle bilmek \u00f6nemlidir. Ard\u0131ndan, belirli bir ya\u015fta \u00e7o\u011fu \u00e7ocu\u011fun hangi becerilere sahip oldu\u011funu bileceksiniz. Sonra, \u00e7ocu\u011funuzun geli\u015fimi bunlardan (g\u00fc\u00e7l\u00fc bir \u015fekilde) sap\u0131p sapmad\u0131\u011f\u0131n\u0131 g\u00f6rebilirsiniz.<\/p>\n<h2>\u00c7ocuklar\u0131n genel geli\u015fimi hakk\u0131nda g\u00fcvenilir bilgi<\/h2>\n<p>\u00c7ocuk geli\u015fimi hakk\u0131nda bilgi veren bir\u00e7ok web sitesi bulunmaktad\u0131r. Ancak, baz\u0131 web sitelerindeki bilgiler her zaman do\u011fru veya sa\u011flam temellere dayanmamaktad\u0131r. A\u015fa\u011f\u0131daki web siteleri, k\u00fc\u00e7\u00fck \u00e7ocuklar\u0131n genel geli\u015fimi hakk\u0131nda g\u00fcvenilir bilgi sa\u011flar:<\/p>\n<ul>\n<li><strong>GroeiGids<\/strong> (veya \"B\u00fcy\u00fcme Rehberi\"), ebeveynler, jinekologlar, do\u011fum hem\u015fireleri, ebe dan\u0131\u015fmanlar\u0131, gen\u00e7lik sa\u011fl\u0131k \u00e7al\u0131\u015fanlar\u0131 ve okul personeli gibi bir\u00e7ok Hollandal\u0131 (sa\u011fl\u0131k) profesyoneli taraf\u0131ndan kullan\u0131lan bilgi rehberidir. B\u00fcy\u00fcme Rehberi, yedi ciltlik bir seri olup d\u00f6rd\u00fc \u0130ngilizce olarak da mevcuttur. \u00c7ocu\u011funuzun geli\u015fimi, sa\u011fl\u0131\u011f\u0131 ve yeti\u015ftirilmesi hakk\u0131nda size (gelecekteki) ebeveyn olarak bilgi sa\u011flar. Mevcut \u0130ngilizce B\u00fcy\u00fcme Rehberleri, gebelikten \u00e7ocu\u011fun ilk d\u00f6rt y\u0131l\u0131na kadar olan konular\u0131 kapsar. Bu nedenle, \u00e7ocu\u011funuzun geli\u015fimiyle ilgili sorular\u0131n tekrar tekrar ortaya \u00e7\u0131kt\u0131\u011f\u0131 uzun bir s\u00fcre vard\u0131r.\u00a0<a href=\"https:\/\/www.groeigids.nl\/\" target=\"_blank\" rel=\"noopener\">GroeiGids<\/a>\u00a0bir uygulama olarak (<a href=\"https:\/\/apps.apple.com\/nl\/app\/groeigids\/id1541607856\" target=\"_blank\" rel=\"noopener\">App Store<\/a> ve <a href=\"https:\/\/play.google.com\/store\/apps\/details?id=nl.eaglescience.groeigids&amp;hl=nl&amp;gl=US&amp;pli=1\" target=\"_blank\" rel=\"noopener\">Play Store<\/a>) ve \u00e7evrimi\u00e7i olarak mevcuttur.<\/li>\n<li><strong>Nederlands Jeugdinstituut (NJI) (veya \u2018Hollanda Gen\u00e7lik Enstit\u00fcs\u00fc\u2019),<\/strong> helpt ouders en opvoeders met betrouwbare informatie en praktische tips over opgroeien en opvoeden. Het NJI draagt zo bij aan een veiliger, gezonder en kansrijker leven voor kinderen, jongeren en hun opvoeders. Voor meer informatie over het NJI kun je terecht op <a href=\"https:\/\/www.nji.nl\/english\" target=\"_blank\" rel=\"noopener\">www.nji.nl\/english adresini ziyaret edin.<\/a><\/li>\n<\/ul>\n<p>Ayr\u0131ca bak\u0131n\u0131z:\u00a0<a href=\"https:\/\/www.autismejongekind.nl\/tr\/cocuklarda-otizm-ebeveynler-icin-bilgilendirme\/otizm-suphesi-durumunda-adim-adim-plan\/beklemek-mi-yoksa-harekete-gecmek-mi-2\/\">Bekleyip g\u00f6rmek mi, yoksa harekete ge\u00e7mek mi?<\/a><\/p>","protected":false},"excerpt":{"rendered":"<p>Je maakt je als ouder van een jong kind misschien zorgen over zijn of haar ontwikkeling. Het is dan goed om te weten dat de algemene ontwikkeling bij ieder kind anders verloopt. Elk kind ontwikkelt zich op zijn of haar eigen tempo. Sommige kinderen zijn snel met het zeggen van eerste woordjes of zetten vlot [&hellip;]<\/p>\n","protected":false},"author":27,"featured_media":5722,"parent":675,"menu_order":0,"comment_status":"closed","ping_status":"closed","template":"template-page-full-width-image.php","meta":{"_acf_changed":false,"footnotes":""},"class_list":["post-889","page","type-page","status-publish","has-post-thumbnail","hentry"],"acf":[],"yoast_head":"<!-- This site is optimized with the Yoast SEO plugin v27.3 - https:\/\/yoast.com\/product\/yoast-seo-wordpress\/ -->\n<title>Verloopt de algemene ontwikkeling van mijn kind normaal?<\/title>\n<meta name=\"description\" content=\"Maak je je zorgen over de algemene ontwikkeling van je kind? Lees meer over wat een \u2018normale\u2019 ontwikkeling van een kind inhoudt, voordat je je zorgen maakt.\" \/>\n<meta name=\"robots\" content=\"index, follow, max-snippet:-1, max-image-preview:large, max-video-preview:-1\" \/>\n<link rel=\"canonical\" href=\"https:\/\/www.autismejongekind.nl\/tr\/cocuklarda-otizm-ebeveynler-icin-bilgilendirme\/cocugumda-otizm-var-mi\/genel-gelisim\/\" \/>\n<meta property=\"og:locale\" content=\"tr_TR\" \/>\n<meta property=\"og:type\" content=\"article\" \/>\n<meta property=\"og:title\" content=\"Verloopt de algemene ontwikkeling van mijn kind normaal?\" \/>\n<meta property=\"og:description\" content=\"Maak je je zorgen over de algemene ontwikkeling van je kind? Lees meer over wat een \u2018normale\u2019 ontwikkeling van een kind inhoudt, voordat je je zorgen maakt.\" \/>\n<meta property=\"og:url\" content=\"https:\/\/www.autismejongekind.nl\/tr\/cocuklarda-otizm-ebeveynler-icin-bilgilendirme\/cocugumda-otizm-var-mi\/genel-gelisim\/\" \/>\n<meta property=\"og:site_name\" content=\"Autisme Jonge Kind\" \/>\n<meta property=\"article:modified_time\" content=\"2026-04-30T13:36:03+00:00\" \/>\n<meta property=\"og:image\" content=\"https:\/\/www.autismejongekind.nl\/wp-content\/uploads\/2023\/03\/Algemene-ontwikkeling-van-kinderen-autisme-scaled.jpg\" \/>\n\t<meta property=\"og:image:width\" content=\"2560\" \/>\n\t<meta property=\"og:image:height\" content=\"1707\" \/>\n\t<meta property=\"og:image:type\" content=\"image\/jpeg\" \/>\n<meta name=\"twitter:card\" content=\"summary_large_image\" \/>\n<meta name=\"twitter:label1\" content=\"Tahmini okuma s\u00fcresi\" \/>\n\t<meta name=\"twitter:data1\" content=\"2 dakika\" \/>\n<script type=\"application\/ld+json\" class=\"yoast-schema-graph\">{\"@context\":\"https:\\\/\\\/schema.org\",\"@graph\":[{\"@type\":\"WebPage\",\"@id\":\"https:\\\/\\\/www.autismejongekind.nl\\\/autisme-bij-kinderen-informatie-voor-ouders\\\/heeft-mijn-kind-autisme\\\/algemene-ontwikkeling\\\/\",\"url\":\"https:\\\/\\\/www.autismejongekind.nl\\\/autisme-bij-kinderen-informatie-voor-ouders\\\/heeft-mijn-kind-autisme\\\/algemene-ontwikkeling\\\/\",\"name\":\"Verloopt de algemene ontwikkeling van mijn kind normaal?\",\"isPartOf\":{\"@id\":\"https:\\\/\\\/www.autismejongekind.nl\\\/#website\"},\"primaryImageOfPage\":{\"@id\":\"https:\\\/\\\/www.autismejongekind.nl\\\/autisme-bij-kinderen-informatie-voor-ouders\\\/heeft-mijn-kind-autisme\\\/algemene-ontwikkeling\\\/#primaryimage\"},\"image\":{\"@id\":\"https:\\\/\\\/www.autismejongekind.nl\\\/autisme-bij-kinderen-informatie-voor-ouders\\\/heeft-mijn-kind-autisme\\\/algemene-ontwikkeling\\\/#primaryimage\"},\"thumbnailUrl\":\"https:\\\/\\\/www.autismejongekind.nl\\\/wp-content\\\/uploads\\\/2023\\\/03\\\/Algemene-ontwikkeling-van-kinderen-autisme-scaled.jpg\",\"datePublished\":\"2023-03-20T14:42:28+00:00\",\"dateModified\":\"2026-04-30T13:36:03+00:00\",\"description\":\"Maak je je zorgen over de algemene ontwikkeling van je kind? Lees meer over wat een \u2018normale\u2019 ontwikkeling van een kind inhoudt, voordat je je zorgen maakt.\",\"breadcrumb\":{\"@id\":\"https:\\\/\\\/www.autismejongekind.nl\\\/autisme-bij-kinderen-informatie-voor-ouders\\\/heeft-mijn-kind-autisme\\\/algemene-ontwikkeling\\\/#breadcrumb\"},\"inLanguage\":\"tr\",\"potentialAction\":[{\"@type\":\"ReadAction\",\"target\":[\"https:\\\/\\\/www.autismejongekind.nl\\\/autisme-bij-kinderen-informatie-voor-ouders\\\/heeft-mijn-kind-autisme\\\/algemene-ontwikkeling\\\/\"]}]},{\"@type\":\"ImageObject\",\"inLanguage\":\"tr\",\"@id\":\"https:\\\/\\\/www.autismejongekind.nl\\\/autisme-bij-kinderen-informatie-voor-ouders\\\/heeft-mijn-kind-autisme\\\/algemene-ontwikkeling\\\/#primaryimage\",\"url\":\"https:\\\/\\\/www.autismejongekind.nl\\\/wp-content\\\/uploads\\\/2023\\\/03\\\/Algemene-ontwikkeling-van-kinderen-autisme-scaled.jpg\",\"contentUrl\":\"https:\\\/\\\/www.autismejongekind.nl\\\/wp-content\\\/uploads\\\/2023\\\/03\\\/Algemene-ontwikkeling-van-kinderen-autisme-scaled.jpg\",\"width\":2560,\"height\":1707,\"caption\":\"algemene ontwikkeling kind\"},{\"@type\":\"BreadcrumbList\",\"@id\":\"https:\\\/\\\/www.autismejongekind.nl\\\/autisme-bij-kinderen-informatie-voor-ouders\\\/heeft-mijn-kind-autisme\\\/algemene-ontwikkeling\\\/#breadcrumb\",\"itemListElement\":[{\"@type\":\"ListItem\",\"position\":1,\"name\":\"Home\",\"item\":\"https:\\\/\\\/www.autismejongekind.nl\\\/\"},{\"@type\":\"ListItem\",\"position\":2,\"name\":\"Autisme bij kinderen: informatie voor ouders\",\"item\":\"https:\\\/\\\/www.autismejongekind.nl\\\/autisme-bij-kinderen-informatie-voor-ouders\\\/\"},{\"@type\":\"ListItem\",\"position\":3,\"name\":\"Heeft mijn kind autisme?\",\"item\":\"https:\\\/\\\/www.autismejongekind.nl\\\/autisme-bij-kinderen-informatie-voor-ouders\\\/heeft-mijn-kind-autisme\\\/\"},{\"@type\":\"ListItem\",\"position\":4,\"name\":\"Algemene ontwikkeling bij kinderen\"}]},{\"@type\":\"WebSite\",\"@id\":\"https:\\\/\\\/www.autismejongekind.nl\\\/#website\",\"url\":\"https:\\\/\\\/www.autismejongekind.nl\\\/\",\"name\":\"Autisme Jonge Kind\",\"description\":\"\",\"potentialAction\":[{\"@type\":\"SearchAction\",\"target\":{\"@type\":\"EntryPoint\",\"urlTemplate\":\"https:\\\/\\\/www.autismejongekind.nl\\\/?s={search_term_string}\"},\"query-input\":{\"@type\":\"PropertyValueSpecification\",\"valueRequired\":true,\"valueName\":\"search_term_string\"}}],\"inLanguage\":\"tr\"}]}<\/script>\n<!-- \/ Yoast SEO plugin. -->","yoast_head_json":{"title":"\u00c7ocu\u011fumun genel geli\u015fimi normal seyrinde mi ilerliyor?","description":"\u00c7ocu\u011funuzun genel geli\u015fimiyle ilgili endi\u015feleriniz mi var? Endi\u015felenmeden \u00f6nce, 'normal' \u00e7ocuk geli\u015fimini tan\u0131mlayan fakt\u00f6rleri daha detayl\u0131 bir \u015fekilde \u00f6\u011frenin.","robots":{"index":"index","follow":"follow","max-snippet":"max-snippet:-1","max-image-preview":"max-image-preview:large","max-video-preview":"max-video-preview:-1"},"canonical":"https:\/\/www.autismejongekind.nl\/tr\/cocuklarda-otizm-ebeveynler-icin-bilgilendirme\/cocugumda-otizm-var-mi\/genel-gelisim\/","og_locale":"tr_TR","og_type":"article","og_title":"Verloopt de algemene ontwikkeling van mijn kind normaal?","og_description":"Maak je je zorgen over de algemene ontwikkeling van je kind? Lees meer over wat een \u2018normale\u2019 ontwikkeling van een kind inhoudt, voordat je je zorgen maakt.","og_url":"https:\/\/www.autismejongekind.nl\/tr\/cocuklarda-otizm-ebeveynler-icin-bilgilendirme\/cocugumda-otizm-var-mi\/genel-gelisim\/","og_site_name":"Autisme Jonge Kind","article_modified_time":"2026-04-30T13:36:03+00:00","og_image":[{"width":2560,"height":1707,"url":"https:\/\/www.autismejongekind.nl\/wp-content\/uploads\/2023\/03\/Algemene-ontwikkeling-van-kinderen-autisme-scaled.jpg","type":"image\/jpeg"}],"twitter_card":"summary_large_image","twitter_misc":{"Tahmini okuma s\u00fcresi":"2 dakika"},"schema":{"@context":"https:\/\/schema.org","@graph":[{"@type":"WebPage","@id":"https:\/\/www.autismejongekind.nl\/autisme-bij-kinderen-informatie-voor-ouders\/heeft-mijn-kind-autisme\/algemene-ontwikkeling\/","url":"https:\/\/www.autismejongekind.nl\/autisme-bij-kinderen-informatie-voor-ouders\/heeft-mijn-kind-autisme\/algemene-ontwikkeling\/","name":"\u00c7ocu\u011fumun genel geli\u015fimi normal seyrinde mi ilerliyor?","isPartOf":{"@id":"https:\/\/www.autismejongekind.nl\/#website"},"primaryImageOfPage":{"@id":"https:\/\/www.autismejongekind.nl\/autisme-bij-kinderen-informatie-voor-ouders\/heeft-mijn-kind-autisme\/algemene-ontwikkeling\/#primaryimage"},"image":{"@id":"https:\/\/www.autismejongekind.nl\/autisme-bij-kinderen-informatie-voor-ouders\/heeft-mijn-kind-autisme\/algemene-ontwikkeling\/#primaryimage"},"thumbnailUrl":"https:\/\/www.autismejongekind.nl\/wp-content\/uploads\/2023\/03\/Algemene-ontwikkeling-van-kinderen-autisme-scaled.jpg","datePublished":"2023-03-20T14:42:28+00:00","dateModified":"2026-04-30T13:36:03+00:00","description":"\u00c7ocu\u011funuzun genel geli\u015fimiyle ilgili endi\u015feleriniz mi var? Endi\u015felenmeden \u00f6nce, 'normal' \u00e7ocuk geli\u015fimini tan\u0131mlayan fakt\u00f6rleri daha detayl\u0131 bir \u015fekilde \u00f6\u011frenin.","breadcrumb":{"@id":"https:\/\/www.autismejongekind.nl\/autisme-bij-kinderen-informatie-voor-ouders\/heeft-mijn-kind-autisme\/algemene-ontwikkeling\/#breadcrumb"},"inLanguage":"tr","potentialAction":[{"@type":"ReadAction","target":["https:\/\/www.autismejongekind.nl\/autisme-bij-kinderen-informatie-voor-ouders\/heeft-mijn-kind-autisme\/algemene-ontwikkeling\/"]}]},{"@type":"ImageObject","inLanguage":"tr","@id":"https:\/\/www.autismejongekind.nl\/autisme-bij-kinderen-informatie-voor-ouders\/heeft-mijn-kind-autisme\/algemene-ontwikkeling\/#primaryimage","url":"https:\/\/www.autismejongekind.nl\/wp-content\/uploads\/2023\/03\/Algemene-ontwikkeling-van-kinderen-autisme-scaled.jpg","contentUrl":"https:\/\/www.autismejongekind.nl\/wp-content\/uploads\/2023\/03\/Algemene-ontwikkeling-van-kinderen-autisme-scaled.jpg","width":2560,"height":1707,"caption":"algemene ontwikkeling kind"},{"@type":"BreadcrumbList","@id":"https:\/\/www.autismejongekind.nl\/autisme-bij-kinderen-informatie-voor-ouders\/heeft-mijn-kind-autisme\/algemene-ontwikkeling\/#breadcrumb","itemListElement":[{"@type":"ListItem","position":1,"name":"Home","item":"https:\/\/www.autismejongekind.nl\/"},{"@type":"ListItem","position":2,"name":"Autisme bij kinderen: informatie voor ouders","item":"https:\/\/www.autismejongekind.nl\/autisme-bij-kinderen-informatie-voor-ouders\/"},{"@type":"ListItem","position":3,"name":"Heeft mijn kind autisme?","item":"https:\/\/www.autismejongekind.nl\/autisme-bij-kinderen-informatie-voor-ouders\/heeft-mijn-kind-autisme\/"},{"@type":"ListItem","position":4,"name":"Algemene ontwikkeling bij kinderen"}]},{"@type":"WebSite","@id":"https:\/\/www.autismejongekind.nl\/#website","url":"https:\/\/www.autismejongekind.nl\/","name":"Autisme Jonge Kind","description":"","potentialAction":[{"@type":"SearchAction","target":{"@type":"EntryPoint","urlTemplate":"https:\/\/www.autismejongekind.nl\/?s={search_term_string}"},"query-input":{"@type":"PropertyValueSpecification","valueRequired":true,"valueName":"search_term_string"}}],"inLanguage":"tr"}]}},"_links":{"self":[{"href":"https:\/\/www.autismejongekind.nl\/tr\/wp-json\/wp\/v2\/pages\/889","targetHints":{"allow":["GET"]}}],"collection":[{"href":"https:\/\/www.autismejongekind.nl\/tr\/wp-json\/wp\/v2\/pages"}],"about":[{"href":"https:\/\/www.autismejongekind.nl\/tr\/wp-json\/wp\/v2\/types\/page"}],"author":[{"embeddable":true,"href":"https:\/\/www.autismejongekind.nl\/tr\/wp-json\/wp\/v2\/users\/27"}],"replies":[{"embeddable":true,"href":"https:\/\/www.autismejongekind.nl\/tr\/wp-json\/wp\/v2\/comments?post=889"}],"version-history":[{"count":46,"href":"https:\/\/www.autismejongekind.nl\/tr\/wp-json\/wp\/v2\/pages\/889\/revisions"}],"predecessor-version":[{"id":9372,"href":"https:\/\/www.autismejongekind.nl\/tr\/wp-json\/wp\/v2\/pages\/889\/revisions\/9372"}],"up":[{"embeddable":true,"href":"https:\/\/www.autismejongekind.nl\/tr\/wp-json\/wp\/v2\/pages\/675"}],"wp:featuredmedia":[{"embeddable":true,"href":"https:\/\/www.autismejongekind.nl\/tr\/wp-json\/wp\/v2\/media\/5722"}],"wp:attachment":[{"href":"https:\/\/www.autismejongekind.nl\/tr\/wp-json\/wp\/v2\/media?parent=889"}],"curies":[{"name":"wp","href":"https:\/\/api.w.org\/{rel}","templated":true}]}}