{"id":667,"date":"2023-03-30T08:00:26","date_gmt":"2023-03-30T06:00:26","guid":{"rendered":"http:\/\/nlautis-gadamael.savviihq.com\/?page_id=667"},"modified":"2023-07-07T13:58:27","modified_gmt":"2023-07-07T11:58:27","slug":"ek-yardim-saglamak","status":"publish","type":"page","link":"https:\/\/www.autismejongekind.nl\/tr\/autisme-bij-kinderen-informatie-voor-ouders\/stappenplan-bij-een-vermoeden-van-autisme\/hulp-inschakelen\/","title":{"rendered":"Ek yard\u0131m\u0131 aray\u0131n"},"content":{"rendered":"<p><strong>\u00c7ocu\u011funuzla ilgili ilk endi\u015felerinizi bir birinci basamak sa\u011fl\u0131k hizmeti sa\u011flay\u0131c\u0131s\u0131yla tart\u0131\u015ft\u0131n\u0131z. O ek yard\u0131m sa\u011flamay\u0131 \u00f6nererek \u00e7ocu\u011funuzu uzman bak\u0131ma y\u00f6nlendirebilir. Birlikte, \u00e7ocu\u011funuz ve aileniz i\u00e7in hangi yard\u0131m\u0131n en uygun oldu\u011funu d\u00fc\u015f\u00fcneceksiniz. Yard\u0131m her zaman \u00e7ocu\u011fa, geli\u015fimsel a\u015famaya ve aileye \u00f6zg\u00fcd\u00fcr.\u00a0\u00a0<\/strong><\/p>\n<p>Profesyonel \u00f6rne\u011fin \u00e7ocu\u011funuzu \u015fu ki\u015filere y\u00f6nlendirebilir:<\/p>\n<ul>\n<li aria-level=\"1\"><strong>konu\u015fma terapisti:<\/strong>\u00e7ocu\u011funuzda dil-konu\u015fma problemleri veya yeme problemleri varsa;<\/li>\n<li aria-level=\"1\"><strong>fizyoterapist<\/strong>: \u00e7ocu\u011funuzun ince veya kaba motor beceriler alan\u0131nda geli\u015fimsel gecikmesi varsa;<\/li>\n<li aria-level=\"1\"><strong>birinci basamak \u00e7ocuk psikolo\u011fu veya genel pratisyen yard\u0131mc\u0131s\u0131<\/strong>: k\u0131sa s\u00fcreli bir tedavi kursunun yeterince yard\u0131mc\u0131 olaca\u011f\u0131 durumlarda.<\/li>\n<li aria-level=\"1\"><strong>bir diyetisyen<\/strong>: \u00e7ocu\u011funuzun \u00f6rne\u011fin \u00e7i\u011fneme ve yutma sorunlar\u0131 varsa veya \u00e7ocu\u011funuz fazla kilolu veya zay\u0131fsa.<\/li>\n<\/ul>\n<p>\u00c7o\u011fu birinci basamak sa\u011fl\u0131k hizmeti, standart sa\u011fl\u0131k sigortas\u0131 kapsam\u0131ndad\u0131r (not: bazen yaln\u0131zca kendi pay\u0131n\u0131z\u0131 \u00f6dedikten sonra).<\/p>\n<table border=\"1\">\n<tbody>\n<tr>\n<td><span style=\"font-size: 12pt;\"><span style=\"font-size: 12pt;\"><strong>\u00d6rnek<br \/>\n<\/strong>Bir profesyonel taraf\u0131ndan grup i\u00e7inde bir g\u00f6zlem olabilir. Bu, e\u011fitim deste\u011fi hizmetinden biri veya ba\u015fka bir d\u00fc\u015f\u00fck e\u015fikli dan\u0131\u015fmanl\u0131k kurulu\u015fundan biri olabilir. \u00d6rne\u011fin, Integrale Vroeghulp veya uygun bak\u0131m ve e\u011fitim odakl\u0131 ortakl\u0131klar.<\/span><\/span><\/td>\n<\/tr>\n<\/tbody>\n<\/table>\n<p>Ayr\u0131ca bak\u0131n\u0131z: <a href=\"https:\/\/www.autismejongekind.nl\/tr\/cocuklarda-otizm-ebeveynler-icin-bilgilendirme\/otizm-suphesi-durumunda-adim-adim-plan\/ek-yardim-saglamak\/\" rel=\"noopener\">Uzman yard\u0131m\u0131 talep etmek<\/a><\/p>","protected":false},"excerpt":{"rendered":"<p>Je hebt je eerste zorgen over je kind besproken met een eerstelijns hulpverlener. Hij\/zij kan adviseren om extra hulp in te schakelen en kan je kind doorverwijzen. Samen kijken jullie welke hulp het beste bij je kind en het gezin past. De hulp is altijd specifiek per kind, per ontwikkelingsfase en per gezin.\u00a0\u00a0 De professional [&hellip;]<\/p>\n","protected":false},"author":27,"featured_media":5769,"parent":1893,"menu_order":0,"comment_status":"closed","ping_status":"closed","template":"template-page-full-width-image.php","meta":{"_acf_changed":false,"footnotes":""},"class_list":["post-667","page","type-page","status-publish","has-post-thumbnail","hentry"],"acf":[],"yoast_head":"<!-- This site is optimized with the Yoast SEO plugin v27.3 - https:\/\/yoast.com\/product\/yoast-seo-wordpress\/ -->\n<title>Extra hulp als je kind (misschien) autisme heeft<\/title>\n<meta name=\"description\" content=\"Soms heeft een kind met (kenmerken van) autisme extra hulp nodig. Bijvoorbeeld van een logopedist, fysiotherapeut, kinderpsycholoog, di\u00ebtist.\" \/>\n<meta name=\"robots\" content=\"index, follow, max-snippet:-1, max-image-preview:large, max-video-preview:-1\" \/>\n<link rel=\"canonical\" href=\"https:\/\/www.autismejongekind.nl\/tr\/cocuklarda-otizm-ebeveynler-icin-bilgilendirme\/otizm-suphesi-durumunda-adim-adim-plan\/ek-yardim-saglamak\/\" \/>\n<meta property=\"og:locale\" content=\"tr_TR\" \/>\n<meta property=\"og:type\" content=\"article\" \/>\n<meta property=\"og:title\" content=\"Extra hulp als je kind (misschien) autisme heeft\" \/>\n<meta property=\"og:description\" content=\"Soms heeft een kind met (kenmerken van) autisme extra hulp nodig. Bijvoorbeeld van een logopedist, fysiotherapeut, kinderpsycholoog, di\u00ebtist.\" \/>\n<meta property=\"og:url\" content=\"https:\/\/www.autismejongekind.nl\/tr\/cocuklarda-otizm-ebeveynler-icin-bilgilendirme\/otizm-suphesi-durumunda-adim-adim-plan\/ek-yardim-saglamak\/\" \/>\n<meta property=\"og:site_name\" content=\"Autisme Jonge Kind\" \/>\n<meta property=\"article:modified_time\" content=\"2023-07-07T11:58:27+00:00\" \/>\n<meta property=\"og:image\" content=\"https:\/\/www.autismejongekind.nl\/wp-content\/uploads\/2023\/03\/Vroege-kenmerken-van-autisme.jpg\" \/>\n\t<meta property=\"og:image:width\" content=\"1280\" \/>\n\t<meta property=\"og:image:height\" content=\"854\" \/>\n\t<meta property=\"og:image:type\" content=\"image\/jpeg\" \/>\n<meta name=\"twitter:card\" content=\"summary_large_image\" \/>\n<meta name=\"twitter:label1\" content=\"Tahmini okuma s\u00fcresi\" \/>\n\t<meta name=\"twitter:data1\" content=\"1 dakika\" \/>\n<script type=\"application\/ld+json\" class=\"yoast-schema-graph\">{\"@context\":\"https:\\\/\\\/schema.org\",\"@graph\":[{\"@type\":\"WebPage\",\"@id\":\"https:\\\/\\\/www.autismejongekind.nl\\\/autisme-bij-kinderen-informatie-voor-ouders\\\/stappenplan-bij-een-vermoeden-van-autisme\\\/hulp-inschakelen\\\/\",\"url\":\"https:\\\/\\\/www.autismejongekind.nl\\\/autisme-bij-kinderen-informatie-voor-ouders\\\/stappenplan-bij-een-vermoeden-van-autisme\\\/hulp-inschakelen\\\/\",\"name\":\"Extra hulp als je kind (misschien) autisme heeft\",\"isPartOf\":{\"@id\":\"https:\\\/\\\/www.autismejongekind.nl\\\/#website\"},\"primaryImageOfPage\":{\"@id\":\"https:\\\/\\\/www.autismejongekind.nl\\\/autisme-bij-kinderen-informatie-voor-ouders\\\/stappenplan-bij-een-vermoeden-van-autisme\\\/hulp-inschakelen\\\/#primaryimage\"},\"image\":{\"@id\":\"https:\\\/\\\/www.autismejongekind.nl\\\/autisme-bij-kinderen-informatie-voor-ouders\\\/stappenplan-bij-een-vermoeden-van-autisme\\\/hulp-inschakelen\\\/#primaryimage\"},\"thumbnailUrl\":\"https:\\\/\\\/www.autismejongekind.nl\\\/wp-content\\\/uploads\\\/2023\\\/03\\\/Vroege-kenmerken-van-autisme.jpg\",\"datePublished\":\"2023-03-30T06:00:26+00:00\",\"dateModified\":\"2023-07-07T11:58:27+00:00\",\"description\":\"Soms heeft een kind met (kenmerken van) autisme extra hulp nodig. Bijvoorbeeld van een logopedist, fysiotherapeut, kinderpsycholoog, di\u00ebtist.\",\"breadcrumb\":{\"@id\":\"https:\\\/\\\/www.autismejongekind.nl\\\/autisme-bij-kinderen-informatie-voor-ouders\\\/stappenplan-bij-een-vermoeden-van-autisme\\\/hulp-inschakelen\\\/#breadcrumb\"},\"inLanguage\":\"tr\",\"potentialAction\":[{\"@type\":\"ReadAction\",\"target\":[\"https:\\\/\\\/www.autismejongekind.nl\\\/autisme-bij-kinderen-informatie-voor-ouders\\\/stappenplan-bij-een-vermoeden-van-autisme\\\/hulp-inschakelen\\\/\"]}]},{\"@type\":\"ImageObject\",\"inLanguage\":\"tr\",\"@id\":\"https:\\\/\\\/www.autismejongekind.nl\\\/autisme-bij-kinderen-informatie-voor-ouders\\\/stappenplan-bij-een-vermoeden-van-autisme\\\/hulp-inschakelen\\\/#primaryimage\",\"url\":\"https:\\\/\\\/www.autismejongekind.nl\\\/wp-content\\\/uploads\\\/2023\\\/03\\\/Vroege-kenmerken-van-autisme.jpg\",\"contentUrl\":\"https:\\\/\\\/www.autismejongekind.nl\\\/wp-content\\\/uploads\\\/2023\\\/03\\\/Vroege-kenmerken-van-autisme.jpg\",\"width\":1280,\"height\":854,\"caption\":\"kenmerken autisme jong kind\"},{\"@type\":\"BreadcrumbList\",\"@id\":\"https:\\\/\\\/www.autismejongekind.nl\\\/autisme-bij-kinderen-informatie-voor-ouders\\\/stappenplan-bij-een-vermoeden-van-autisme\\\/hulp-inschakelen\\\/#breadcrumb\",\"itemListElement\":[{\"@type\":\"ListItem\",\"position\":1,\"name\":\"Home\",\"item\":\"https:\\\/\\\/www.autismejongekind.nl\\\/\"},{\"@type\":\"ListItem\",\"position\":2,\"name\":\"Autisme bij kinderen: informatie voor ouders\",\"item\":\"https:\\\/\\\/www.autismejongekind.nl\\\/autisme-bij-kinderen-informatie-voor-ouders\\\/\"},{\"@type\":\"ListItem\",\"position\":3,\"name\":\"Stappenplan bij een vermoeden van autisme\",\"item\":\"https:\\\/\\\/www.autismejongekind.nl\\\/autisme-bij-kinderen-informatie-voor-ouders\\\/stappenplan-bij-een-vermoeden-van-autisme\\\/\"},{\"@type\":\"ListItem\",\"position\":4,\"name\":\"Extra hulp inschakelen\"}]},{\"@type\":\"WebSite\",\"@id\":\"https:\\\/\\\/www.autismejongekind.nl\\\/#website\",\"url\":\"https:\\\/\\\/www.autismejongekind.nl\\\/\",\"name\":\"Autisme Jonge Kind\",\"description\":\"\",\"potentialAction\":[{\"@type\":\"SearchAction\",\"target\":{\"@type\":\"EntryPoint\",\"urlTemplate\":\"https:\\\/\\\/www.autismejongekind.nl\\\/?s={search_term_string}\"},\"query-input\":{\"@type\":\"PropertyValueSpecification\",\"valueRequired\":true,\"valueName\":\"search_term_string\"}}],\"inLanguage\":\"tr\"}]}<\/script>\n<!-- \/ Yoast SEO plugin. -->","yoast_head_json":{"title":"\u00c7ocu\u011funuzun otizm belirtileri g\u00f6stermesi durumunda ek yard\u0131m almak","description":"Baz\u0131 durumlarda, otizm belirtileri g\u00f6steren bir \u00e7ocuk ek yard\u0131ma ihtiya\u00e7 duyabilir. \u00d6rne\u011fin, konu\u015fma terapisti, fizyoterapist, \u00e7ocuk psikolo\u011fu veya diyetisyen gibi bir uzmandan yard\u0131m alabilir.","robots":{"index":"index","follow":"follow","max-snippet":"max-snippet:-1","max-image-preview":"max-image-preview:large","max-video-preview":"max-video-preview:-1"},"canonical":"https:\/\/www.autismejongekind.nl\/tr\/cocuklarda-otizm-ebeveynler-icin-bilgilendirme\/otizm-suphesi-durumunda-adim-adim-plan\/ek-yardim-saglamak\/","og_locale":"tr_TR","og_type":"article","og_title":"Extra hulp als je kind (misschien) autisme heeft","og_description":"Soms heeft een kind met (kenmerken van) autisme extra hulp nodig. Bijvoorbeeld van een logopedist, fysiotherapeut, kinderpsycholoog, di\u00ebtist.","og_url":"https:\/\/www.autismejongekind.nl\/tr\/cocuklarda-otizm-ebeveynler-icin-bilgilendirme\/otizm-suphesi-durumunda-adim-adim-plan\/ek-yardim-saglamak\/","og_site_name":"Autisme Jonge Kind","article_modified_time":"2023-07-07T11:58:27+00:00","og_image":[{"width":1280,"height":854,"url":"https:\/\/www.autismejongekind.nl\/wp-content\/uploads\/2023\/03\/Vroege-kenmerken-van-autisme.jpg","type":"image\/jpeg"}],"twitter_card":"summary_large_image","twitter_misc":{"Tahmini okuma s\u00fcresi":"1 dakika"},"schema":{"@context":"https:\/\/schema.org","@graph":[{"@type":"WebPage","@id":"https:\/\/www.autismejongekind.nl\/autisme-bij-kinderen-informatie-voor-ouders\/stappenplan-bij-een-vermoeden-van-autisme\/hulp-inschakelen\/","url":"https:\/\/www.autismejongekind.nl\/autisme-bij-kinderen-informatie-voor-ouders\/stappenplan-bij-een-vermoeden-van-autisme\/hulp-inschakelen\/","name":"\u00c7ocu\u011funuzun otizm belirtileri g\u00f6stermesi durumunda ek yard\u0131m almak","isPartOf":{"@id":"https:\/\/www.autismejongekind.nl\/#website"},"primaryImageOfPage":{"@id":"https:\/\/www.autismejongekind.nl\/autisme-bij-kinderen-informatie-voor-ouders\/stappenplan-bij-een-vermoeden-van-autisme\/hulp-inschakelen\/#primaryimage"},"image":{"@id":"https:\/\/www.autismejongekind.nl\/autisme-bij-kinderen-informatie-voor-ouders\/stappenplan-bij-een-vermoeden-van-autisme\/hulp-inschakelen\/#primaryimage"},"thumbnailUrl":"https:\/\/www.autismejongekind.nl\/wp-content\/uploads\/2023\/03\/Vroege-kenmerken-van-autisme.jpg","datePublished":"2023-03-30T06:00:26+00:00","dateModified":"2023-07-07T11:58:27+00:00","description":"Baz\u0131 durumlarda, otizm belirtileri g\u00f6steren bir \u00e7ocuk ek yard\u0131ma ihtiya\u00e7 duyabilir. \u00d6rne\u011fin, konu\u015fma terapisti, fizyoterapist, \u00e7ocuk psikolo\u011fu veya diyetisyen gibi bir uzmandan yard\u0131m alabilir.","breadcrumb":{"@id":"https:\/\/www.autismejongekind.nl\/autisme-bij-kinderen-informatie-voor-ouders\/stappenplan-bij-een-vermoeden-van-autisme\/hulp-inschakelen\/#breadcrumb"},"inLanguage":"tr","potentialAction":[{"@type":"ReadAction","target":["https:\/\/www.autismejongekind.nl\/autisme-bij-kinderen-informatie-voor-ouders\/stappenplan-bij-een-vermoeden-van-autisme\/hulp-inschakelen\/"]}]},{"@type":"ImageObject","inLanguage":"tr","@id":"https:\/\/www.autismejongekind.nl\/autisme-bij-kinderen-informatie-voor-ouders\/stappenplan-bij-een-vermoeden-van-autisme\/hulp-inschakelen\/#primaryimage","url":"https:\/\/www.autismejongekind.nl\/wp-content\/uploads\/2023\/03\/Vroege-kenmerken-van-autisme.jpg","contentUrl":"https:\/\/www.autismejongekind.nl\/wp-content\/uploads\/2023\/03\/Vroege-kenmerken-van-autisme.jpg","width":1280,"height":854,"caption":"kenmerken autisme jong kind"},{"@type":"BreadcrumbList","@id":"https:\/\/www.autismejongekind.nl\/autisme-bij-kinderen-informatie-voor-ouders\/stappenplan-bij-een-vermoeden-van-autisme\/hulp-inschakelen\/#breadcrumb","itemListElement":[{"@type":"ListItem","position":1,"name":"Home","item":"https:\/\/www.autismejongekind.nl\/"},{"@type":"ListItem","position":2,"name":"Autisme bij kinderen: informatie voor ouders","item":"https:\/\/www.autismejongekind.nl\/autisme-bij-kinderen-informatie-voor-ouders\/"},{"@type":"ListItem","position":3,"name":"Stappenplan bij een vermoeden van autisme","item":"https:\/\/www.autismejongekind.nl\/autisme-bij-kinderen-informatie-voor-ouders\/stappenplan-bij-een-vermoeden-van-autisme\/"},{"@type":"ListItem","position":4,"name":"Extra hulp inschakelen"}]},{"@type":"WebSite","@id":"https:\/\/www.autismejongekind.nl\/#website","url":"https:\/\/www.autismejongekind.nl\/","name":"Autisme Jonge Kind","description":"","potentialAction":[{"@type":"SearchAction","target":{"@type":"EntryPoint","urlTemplate":"https:\/\/www.autismejongekind.nl\/?s={search_term_string}"},"query-input":{"@type":"PropertyValueSpecification","valueRequired":true,"valueName":"search_term_string"}}],"inLanguage":"tr"}]}},"_links":{"self":[{"href":"https:\/\/www.autismejongekind.nl\/tr\/wp-json\/wp\/v2\/pages\/667","targetHints":{"allow":["GET"]}}],"collection":[{"href":"https:\/\/www.autismejongekind.nl\/tr\/wp-json\/wp\/v2\/pages"}],"about":[{"href":"https:\/\/www.autismejongekind.nl\/tr\/wp-json\/wp\/v2\/types\/page"}],"author":[{"embeddable":true,"href":"https:\/\/www.autismejongekind.nl\/tr\/wp-json\/wp\/v2\/users\/27"}],"replies":[{"embeddable":true,"href":"https:\/\/www.autismejongekind.nl\/tr\/wp-json\/wp\/v2\/comments?post=667"}],"version-history":[{"count":42,"href":"https:\/\/www.autismejongekind.nl\/tr\/wp-json\/wp\/v2\/pages\/667\/revisions"}],"predecessor-version":[{"id":6976,"href":"https:\/\/www.autismejongekind.nl\/tr\/wp-json\/wp\/v2\/pages\/667\/revisions\/6976"}],"up":[{"embeddable":true,"href":"https:\/\/www.autismejongekind.nl\/tr\/wp-json\/wp\/v2\/pages\/1893"}],"wp:featuredmedia":[{"embeddable":true,"href":"https:\/\/www.autismejongekind.nl\/tr\/wp-json\/wp\/v2\/media\/5769"}],"wp:attachment":[{"href":"https:\/\/www.autismejongekind.nl\/tr\/wp-json\/wp\/v2\/media?parent=667"}],"curies":[{"name":"wp","href":"https:\/\/api.w.org\/{rel}","templated":true}]}}