{"id":1053,"date":"2018-07-07T14:32:49","date_gmt":"2018-07-07T12:32:49","guid":{"rendered":"http:\/\/nlautis-gadamael.savviihq.com\/?page_id=1053"},"modified":"2026-04-24T12:41:08","modified_gmt":"2026-04-24T10:41:08","slug":"otizm-degerlendirmesi-nasil-yapilir","status":"publish","type":"page","link":"https:\/\/www.autismejongekind.nl\/tr\/autisme-bij-kinderen-informatie-voor-ouders\/autisme-vaststellen-door-onderzoek\/hoe-verloopt-het-onderzoekstraject-bij-autisme\/","title":{"rendered":"Otizm de\u011ferlendirmesi nas\u0131l yap\u0131l\u0131r?"},"content":{"rendered":"<p><strong>\u00c7ocu\u011funuzda olas\u0131 bir otizm (OSB) durumu varsa ve de\u011ferlendirmeye girecekse, \u00f6nceden ne bekleyebilece\u011finizi sizin ve \u00e7ocu\u011funuzun bilmesi iyi olur. Hangi ad\u0131mlar at\u0131lacak? Ve s\u00fcre\u00e7 ne kadar s\u00fcrecek? Bu sayfada bunlar hakk\u0131nda okuyabilirsiniz.<\/strong><\/p>\n<p>\u00c7ocu\u011funuz otizmli olup olmad\u0131\u011f\u0131n\u0131 belirlemek i\u00e7in de\u011ferlendirmeye girer. Bu noktada a\u015fa\u011f\u0131daki hususlar\u0131n \u00f6nemli oldu\u011funu bilmek yararl\u0131 olacakt\u0131r:<\/p>\n<ul>\n<li aria-level=\"1\"><strong>De\u011ferlendirmeyi bir uzman ekibi y\u00fcr\u00fct\u00fcr.<\/strong>.<br \/>\nBu ekip, gen\u00e7 \u00e7ocuklar\u0131n te\u015fhis alan\u0131nda bilgi ve deneyime sahiptir. \u00d6zellikle gen\u00e7 \u00e7ocuklardaki otizm konusunda deneyimlidir.<\/li>\n<li aria-level=\"1\"><strong>Ekip, farkl\u0131 ki\u015filerden bilgi toplar<\/strong>, \u00f6rne\u011fin:\n<ul>\n<li aria-level=\"2\">ebeveynler\/vasiler;<\/li>\n<li aria-level=\"2\">okul \u00f6ncesi veya okuldaki liderler\/\u00f6\u011fretmenler;<\/li>\n<li aria-level=\"2\">\u00e7ocu\u011funuzla ilgilenen di\u011fer sa\u011fl\u0131k hizmeti sa\u011flay\u0131c\u0131lar\u0131;<\/li>\n<li aria-level=\"2\">kurulu\u015fun uzmanlar\u0131<\/li>\n<\/ul>\n<\/li>\n<li aria-level=\"1\"><strong>Ekip, farkl\u0131 yollarla bilgi toplar<\/strong>. \u00d6rne\u011fin:\n<ul>\n<li aria-level=\"2\">anketler;<\/li>\n<li aria-level=\"2\">g\u00f6r\u00fc\u015fmeler;<\/li>\n<li aria-level=\"2\">\u00f6nceki\/di\u011fer sa\u011fl\u0131k hizmetleri raporlar\u0131;<\/li>\n<li aria-level=\"2\">farkl\u0131 durumlarda (\u00f6rne\u011fin, sizinle oyun oynarken, bir uzmanla oyun oynarken, okulda veya evde) \u00e7ocu\u011funuzu g\u00f6zlemleyerek.<\/li>\n<li aria-level=\"2\">testler<\/li>\n<\/ul>\n<\/li>\n<\/ul>\n<h2>Otizm de\u011ferlendirmesindeki ad\u0131mlar<\/h2>\n<p>Otizm de\u011ferlendirmesinin nas\u0131l yap\u0131ld\u0131\u011f\u0131 ve ne kadar s\u00fcrd\u00fc\u011f\u00fc kurulu\u015fa g\u00f6re de\u011fi\u015febilir. Ancak genellikle yakla\u015f\u0131k alt\u0131 hafta s\u00fcrer. Genellikle a\u015fa\u011f\u0131daki ad\u0131mlar izlenir:<\/p>\n<p><img loading=\"lazy\" decoding=\"async\" class=\"alignnone size-full wp-image-1566\" src=\"https:\/\/www.autismejongekind.nl\/wp-content\/uploads\/2018\/08\/figuur-Diagnostiek.jpg\" alt=\"\" width=\"840\" height=\"152\" srcset=\"https:\/\/www.autismejongekind.nl\/wp-content\/uploads\/2018\/08\/figuur-Diagnostiek.jpg 840w, https:\/\/www.autismejongekind.nl\/wp-content\/uploads\/2018\/08\/figuur-Diagnostiek-300x54.jpg 300w, https:\/\/www.autismejongekind.nl\/wp-content\/uploads\/2018\/08\/figuur-Diagnostiek-768x139.jpg 768w\" sizes=\"auto, (max-width: 840px) 100vw, 840px\" \/><\/p>\n<h2><span style=\"font-size: 12pt;\">1.     Y\u00f6nlendirme ve kay\u0131t<\/span><\/h2>\n<p>\u00c7ocu\u011funuz uzmanla\u015fm\u0131\u015f ruh sa\u011fl\u0131\u011f\u0131 hizmetlerine (GGZ) sevk edilmi\u015ftir.\nDe\u011ferlendirmeyi yapacak olan kurulu\u015f, y\u00f6nlendirmenin hakl\u0131 olup olmad\u0131\u011f\u0131n\u0131 kontrol eder. E\u011fer hakl\u0131ysa, kay\u0131t formlar\u0131 (k\u00e2\u011f\u0131k\u00e2\u011f\u0131t veya dijital olarak) alacaks\u0131n\u0131z. Genellikle bir veya daha fazla test de alacaks\u0131n\u0131z. Bu testlerde, \u00e7ocu\u011funuzun davran\u0131\u015f\u0131 ve geli\u015fimi hakk\u0131nda sorular\u0131 ve aile hakk\u0131nda sorular\u0131 cevaplayacaks\u0131n\u0131z.<span style=\"font-weight: 400;\"><br \/>\n<\/span><\/p>\n<h2><span style=\"font-size: 12pt;\">2. Giri\u015f g\u00f6r\u00fc\u015fmesi<\/span><\/h2>\n<p>\u00c7ocu\u011funuzu kaydettirdikten sonra, bir kabul g\u00f6r\u00fc\u015fmesi yap\u0131lacakt\u0131r. \u00c7ocuk psikiyatristi ve\/veya psikolog\/\u00f6zel e\u011fitim uzman\u0131 ile g\u00f6r\u00fc\u015feceksiniz. \u00c7ocu\u011funuz da genellikle bulunacakt\u0131r. Bu g\u00f6r\u00fc\u015fmede \u00e7e\u015fitli konular hakk\u0131nda konu\u015facaks\u0131n\u0131z:<\/p>\n<ul>\n<li>aile durumu<\/li>\n<li>\u00f6nceki sa\u011fl\u0131k hizmetleri<\/li>\n<li>\u00e7ocu\u011funuzun geli\u015fimi ve davran\u0131\u015f\u0131 ile ilgili sorunlar<\/li>\n<li>\u00e7ocu\u011funuzun g\u00fc\u00e7l\u00fc y\u00f6nleri<\/li>\n<li>veli\/vasi olarak kendi yard\u0131m talebiniz<\/li>\n<\/ul>\n<p>\u0130lk g\u00f6r\u00fc\u015fmenin ard\u0131ndan, \u00e7ocu\u011funuzun daha ileri de\u011ferlendirilip de\u011ferlendirilmeyece\u011fine ve e\u011fer \u00f6yleyse nas\u0131l bir yol izlenece\u011fine dair bilgi alacaks\u0131n\u0131z. Bu ek tan\u0131sal testlerdir. G\u00f6r\u00fc\u015fme s\u0131ras\u0131nda, genellikle bak\u0131m koordinat\u00f6r\u00fcn\u00fcz\u00fcn veya ileti\u015fim ki\u015finizin kim olaca\u011f\u0131 da size s\u00f6ylenir.<\/p>\n<table style=\"border-collapse: collapse; width: 100%;\" border=\"1\">\n<tbody>\n<tr style=\"border-style: dotted;\">\n<td style=\"width: 100%; border-style: dotted;\">\n<h2>GGZ kurulu\u015fu ile yap\u0131lacak al\u0131m g\u00f6r\u00fc\u015fmesi i\u00e7in ipu\u00e7lar\u0131<\/h2>\n<ul>\n<li><span style=\"font-size: 12pt;\">Evde g\u00f6zlemledi\u011finiz ve endi\u015felendi\u011finiz veya \u00f6nceden sorun olarak alg\u0131lad\u0131\u011f\u0131n\u0131z davran\u0131\u015flar\u0131n somut \u00f6rneklerini d\u00fc\u015f\u00fcn\u00fcn;<\/span><\/li>\n<li><span style=\"font-size: 12pt;\">\u00c7ocu\u011funuzun hayat\u0131n\u0131n genel hatlar\u0131n\u0131 yaz\u0131n: do\u011fum nas\u0131l ge\u00e7ti, bebekken nas\u0131ld\u0131, \u00e7ocu\u011funuzun di\u011fer \u00e7ocuklardan farkl\u0131 davrand\u0131\u011f\u0131n\u0131 ne zaman fark ettiniz, okul \u00f6ncesi personeli \u00e7ocu\u011funuz hakk\u0131nda ne s\u00f6yledi, b\u00fcy\u00fck olaylar ya\u015fand\u0131 m\u0131 (hastaneye yat\u0131\u015f, bo\u015fanma, ev ta\u015f\u0131ma, aile \u00fcyesinin \u00f6l\u00fcm\u00fc), ilkokula ge\u00e7i\u015f nas\u0131l oldu? Bunu k\u00e2\u011f\u0131da yazarsan\u0131z, her seferinde t\u00fcm hikayeyi anlatmak zorunda kalmazs\u0131n\u0131z.<\/span><\/li>\n<\/ul>\n<p><span style=\"font-family: inherit; font-size: 12pt;\">(Kaynak: Werkgroep ouders Lucertis, 2016)<\/span><\/td>\n<\/tr>\n<\/tbody>\n<\/table>\n<h2><span style=\"font-size: 12pt;\">3. Daha fazla de\u011ferlendirme<\/span><\/h2>\n<p>Daha ileri de\u011ferlendirmelere \u00f6rnekler \u015funlar\u0131 i\u00e7erebilir:<\/p>\n<ul>\n<li aria-level=\"1\">Ebeveyn\/vasiler ile daha fazla g\u00f6r\u00fc\u015fmeler;<\/li>\n<li aria-level=\"1\">Ebeveyn\/vasi(ler) ile birlikte \u00e7ocu\u011funuzun oyun s\u0131ras\u0131ndaki g\u00f6zlemlenmesi;<\/li>\n<li aria-level=\"1\">Bir \u00e7ocuk psikiyatristi ya da psikolog\/\u00f6zel e\u011fitim uzman\u0131 ile \u00e7ocu\u011funuzun oyun s\u0131ras\u0131ndaki g\u00f6zlemlenmesi;<\/li>\n<li aria-level=\"1\">Ev ortam\u0131nda ya da okulda \u00e7ocu\u011funuzun g\u00f6zlemlenmesi;<\/li>\n<li aria-level=\"1\">\u00d6rne\u011fin tespit etmeyi ama\u00e7layan testler:\n<ul>\n<li aria-level=\"2\">Geli\u015fim d\u00fczeyi (IQ);<\/li>\n<li aria-level=\"2\">Konu\u015fma-dil geli\u015fim d\u00fczeyi;<\/li>\n<li aria-level=\"2\">Dikkat, konsantrasyon ve bellek alanlar\u0131ndaki geli\u015fim;<\/li>\n<li aria-level=\"2\">Sosyal durumlar\u0131 veya di\u011fer insanlar\u0131n d\u00fc\u015f\u00fcncelerini\/duygular\u0131n\u0131 anlama.<\/li>\n<\/ul>\n<\/li>\n<\/ul>\n<p>Ayr\u0131ca ba\u015fka bir profesyonelin de g\u00f6zlem yapt\u0131\u011f\u0131 durumlar olabilir. \u00c7ocu\u011funuzun tam resmini elde etmek i\u00e7in. \u00d6rne\u011fin:<\/p>\n<ul>\n<li aria-level=\"1\">\u00c7ocuk doktoru<\/li>\n<li aria-level=\"1\">\u00c7ocuk n\u00f6rolo\u011fu<\/li>\n<li aria-level=\"1\">Klinik genetik uzman\u0131<\/li>\n<li aria-level=\"1\">Fizyoterapist (\u00f6rne\u011fin, \u00e7ocu\u011funuzun motor becerileri ve uyaran i\u015fleme becerileri gibi konular\u0131 inceler)<\/li>\n<\/ul>\n<h2><span style=\"font-size: 12pt;\">4.\tDan\u0131\u015fma<\/span><\/h2>\n<p>\u00d6ncelikle, t\u00fcm g\u00f6r\u00fc\u015fmeler ve de\u011ferlendirmelerden elde edilen bilgiler derlenir. Ard\u0131ndan, farkl\u0131 uzmanlar\u0131n olu\u015fturdu\u011fu bir ekip bu bilgileri tart\u0131\u015f\u0131r. Her biri kendi uzmanl\u0131k alan\u0131ndan bilgileri inceler.<\/p>\n<p>Bir \u00e7ocuk ve ergen psikiyatristi, klinik psikolog veya bir GZ-psikolog, nihayetinde \u00e7ocu\u011funuzun otizm olup olmad\u0131\u011f\u0131n\u0131 de\u011ferlendirecektir (tan\u0131).<\/p>\n<p>Bazen otizm de\u011ferlendirmesinin sonunda \u00e7ocu\u011funuzun otizmli olup olmad\u0131\u011f\u0131 tam olarak a\u00e7\u0131k de\u011fildir. Belki ba\u015fka bir bozukluk vard\u0131r. \u00c7ocu\u011funuza o zaman \u00f6n tan\u0131 konur. Buna da \u00e7al\u0131\u015fma tan\u0131s\u0131 deriz. \u00c7al\u0131\u015fma tan\u0131s\u0131 temel al\u0131narak, \u00e7ocu\u011funuzun dan\u0131\u015fmanl\u0131\u011f\u0131\/tedavisi i\u00e7in bir plan haz\u0131rlan\u0131r. Plan\u0131 uygularken, sorunlar hakk\u0131nda daha fazla bilgi edinilecektir. Bazen \u00e7ocu\u011funuza farkl\u0131 bir tan\u0131 konulacakt\u0131r.<\/p>\n<p>Ebeveyn(ler)\/vasi(ler) olarak sizinle yap\u0131lan dan\u0131\u015fmada, size tan\u0131 konulacak ve bununla ilgili bir a\u00e7\u0131klama yap\u0131lacakt\u0131r. Ayr\u0131ca, m\u00fcmk\u00fcn olan dan\u0131\u015fmanl\u0131k veya tedavi se\u00e7enekleri hakk\u0131nda tavsiye alacaks\u0131n\u0131z. Temelde \u00fc\u00e7 olas\u0131l\u0131k vard\u0131r:<\/p>\n<ol>\n<li aria-level=\"1\"><strong>\u00c7ocu\u011funuz ve\/veya siz art\u0131k tedavi\/dan\u0131\u015fmanl\u0131\u011fa ihtiya\u00e7 duymazs\u0131n\u0131z.<\/strong>Tedavi s\u00fcreci tamamlanm\u0131\u015ft\u0131r.<\/li>\n<li aria-level=\"1\"><strong>\u00c7ocu\u011funuz ve\/veya siz tedavi\/dan\u0131\u015fmanl\u0131\u011fa ihtiya\u00e7 duyars\u0131n\u0131z.<\/strong>Bir tedavi\/dan\u0131\u015fmanl\u0131k plan\u0131 haz\u0131rlan\u0131r ve bu deste\u011fin ayn\u0131 kurulu\u015f i\u00e7inde de verilmesi sa\u011flan\u0131r veya;<\/li>\n<li aria-level=\"1\"><strong>\u00c7ocu\u011funuz ve\/veya siz (ek) dan\u0131\u015fmanl\u0131k\/tedavi i\u00e7in<\/strong> ba\u015fka bir kurulu\u015fa y\u00f6nlendirilirsiniz.<\/li>\n<\/ol>\n<p>Burada otizm <a href=\"https:\/\/www.autismejongekind.nl\/tr\/cocuklarda-otizm-ebeveynler-icin-bilgilendirme\/otizmi-degerlendirme-yoluyla-teshis-etmek\/otizm-etiketi-cocugum-icin-ne-ise-yarar\/\">(\u00e7al\u0131\u015fma) tan\u0131s\u0131n\u0131n kullan\u0131m\u0131 hakk\u0131nda daha fazla bilgi edinin.<\/a>.<\/p>\n<p><strong>Op de hoogte blijven?<\/strong><br \/>\nWil je op hoogte blijven van nieuws over vroegherkenning van autisme of een andere ontwikkelingsstoornis? Meld je dan aan voor de\u00a0<a href=\"https:\/\/www.autismejongekind.nl\/tr\/nieuwsbrief-voor-ouders\/\">digitale nieuwsbrief<\/a>.<\/p>","protected":false},"excerpt":{"rendered":"<p>Als je kind mogelijk autisme (ASS) heeft en een onderzoekstraject in gaat, is het fijn om vooraf te weten wat jij en je kind kunnen verwachten. Welke stappen worden er genomen? En hoe lang duurt het traject? Je leest het op deze pagina. Je kind gaat het traject in om vast te stellen of hij\/zij [&hellip;]<\/p>\n","protected":false},"author":27,"featured_media":5997,"parent":1049,"menu_order":0,"comment_status":"closed","ping_status":"closed","template":"template-page-full-width-image.php","meta":{"_acf_changed":false,"footnotes":""},"class_list":["post-1053","page","type-page","status-publish","has-post-thumbnail","hentry"],"acf":[],"yoast_head":"<!-- This site is optimized with the Yoast SEO plugin v27.3 - https:\/\/yoast.com\/product\/yoast-seo-wordpress\/ -->\n<title>Hoe krijgt je kind de diagnose autisme?<\/title>\n<meta name=\"description\" content=\"Je kind heeft mogelijk autisme en je doet onderzoek. Lees over het onderzoekstraject, welke stappen je moet nemen en hoe lang het duurt.\" \/>\n<meta name=\"robots\" content=\"index, follow, max-snippet:-1, max-image-preview:large, max-video-preview:-1\" \/>\n<link rel=\"canonical\" href=\"https:\/\/www.autismejongekind.nl\/tr\/cocuklarda-otizm-ebeveynler-icin-bilgilendirme\/otizmi-degerlendirme-yoluyla-teshis-etmek\/otizm-degerlendirmesi-nasil-yapilir\/\" \/>\n<meta property=\"og:locale\" content=\"tr_TR\" \/>\n<meta property=\"og:type\" content=\"article\" \/>\n<meta property=\"og:title\" content=\"Hoe krijgt je kind de diagnose autisme?\" \/>\n<meta property=\"og:description\" content=\"Je kind heeft mogelijk autisme en je doet onderzoek. Lees over het onderzoekstraject, welke stappen je moet nemen en hoe lang het duurt.\" \/>\n<meta property=\"og:url\" content=\"https:\/\/www.autismejongekind.nl\/tr\/cocuklarda-otizm-ebeveynler-icin-bilgilendirme\/otizmi-degerlendirme-yoluyla-teshis-etmek\/otizm-degerlendirmesi-nasil-yapilir\/\" \/>\n<meta property=\"og:site_name\" content=\"Autisme Jonge Kind\" \/>\n<meta property=\"article:modified_time\" content=\"2026-04-24T10:41:08+00:00\" \/>\n<meta property=\"og:image\" content=\"https:\/\/www.autismejongekind.nl\/wp-content\/uploads\/2023\/03\/diagnose-traject.jpg\" \/>\n\t<meta property=\"og:image:width\" content=\"640\" \/>\n\t<meta property=\"og:image:height\" content=\"413\" \/>\n\t<meta property=\"og:image:type\" content=\"image\/jpeg\" \/>\n<meta name=\"twitter:card\" content=\"summary_large_image\" \/>\n<meta name=\"twitter:label1\" content=\"Tahmini okuma s\u00fcresi\" \/>\n\t<meta name=\"twitter:data1\" content=\"5 dakika\" \/>\n<script type=\"application\/ld+json\" class=\"yoast-schema-graph\">{\"@context\":\"https:\\\/\\\/schema.org\",\"@graph\":[{\"@type\":\"WebPage\",\"@id\":\"https:\\\/\\\/www.autismejongekind.nl\\\/autisme-bij-kinderen-informatie-voor-ouders\\\/autisme-vaststellen-door-onderzoek\\\/hoe-verloopt-het-onderzoekstraject-bij-autisme\\\/\",\"url\":\"https:\\\/\\\/www.autismejongekind.nl\\\/autisme-bij-kinderen-informatie-voor-ouders\\\/autisme-vaststellen-door-onderzoek\\\/hoe-verloopt-het-onderzoekstraject-bij-autisme\\\/\",\"name\":\"Hoe krijgt je kind de diagnose autisme?\",\"isPartOf\":{\"@id\":\"https:\\\/\\\/www.autismejongekind.nl\\\/#website\"},\"primaryImageOfPage\":{\"@id\":\"https:\\\/\\\/www.autismejongekind.nl\\\/autisme-bij-kinderen-informatie-voor-ouders\\\/autisme-vaststellen-door-onderzoek\\\/hoe-verloopt-het-onderzoekstraject-bij-autisme\\\/#primaryimage\"},\"image\":{\"@id\":\"https:\\\/\\\/www.autismejongekind.nl\\\/autisme-bij-kinderen-informatie-voor-ouders\\\/autisme-vaststellen-door-onderzoek\\\/hoe-verloopt-het-onderzoekstraject-bij-autisme\\\/#primaryimage\"},\"thumbnailUrl\":\"https:\\\/\\\/www.autismejongekind.nl\\\/wp-content\\\/uploads\\\/2023\\\/03\\\/diagnose-traject.jpg\",\"datePublished\":\"2018-07-07T12:32:49+00:00\",\"dateModified\":\"2026-04-24T10:41:08+00:00\",\"description\":\"Je kind heeft mogelijk autisme en je doet onderzoek. Lees over het onderzoekstraject, welke stappen je moet nemen en hoe lang het duurt.\",\"breadcrumb\":{\"@id\":\"https:\\\/\\\/www.autismejongekind.nl\\\/autisme-bij-kinderen-informatie-voor-ouders\\\/autisme-vaststellen-door-onderzoek\\\/hoe-verloopt-het-onderzoekstraject-bij-autisme\\\/#breadcrumb\"},\"inLanguage\":\"tr\",\"potentialAction\":[{\"@type\":\"ReadAction\",\"target\":[\"https:\\\/\\\/www.autismejongekind.nl\\\/autisme-bij-kinderen-informatie-voor-ouders\\\/autisme-vaststellen-door-onderzoek\\\/hoe-verloopt-het-onderzoekstraject-bij-autisme\\\/\"]}]},{\"@type\":\"ImageObject\",\"inLanguage\":\"tr\",\"@id\":\"https:\\\/\\\/www.autismejongekind.nl\\\/autisme-bij-kinderen-informatie-voor-ouders\\\/autisme-vaststellen-door-onderzoek\\\/hoe-verloopt-het-onderzoekstraject-bij-autisme\\\/#primaryimage\",\"url\":\"https:\\\/\\\/www.autismejongekind.nl\\\/wp-content\\\/uploads\\\/2023\\\/03\\\/diagnose-traject.jpg\",\"contentUrl\":\"https:\\\/\\\/www.autismejongekind.nl\\\/wp-content\\\/uploads\\\/2023\\\/03\\\/diagnose-traject.jpg\",\"width\":640,\"height\":413,\"caption\":\"diagnose traject autisme\"},{\"@type\":\"BreadcrumbList\",\"@id\":\"https:\\\/\\\/www.autismejongekind.nl\\\/autisme-bij-kinderen-informatie-voor-ouders\\\/autisme-vaststellen-door-onderzoek\\\/hoe-verloopt-het-onderzoekstraject-bij-autisme\\\/#breadcrumb\",\"itemListElement\":[{\"@type\":\"ListItem\",\"position\":1,\"name\":\"Home\",\"item\":\"https:\\\/\\\/www.autismejongekind.nl\\\/\"},{\"@type\":\"ListItem\",\"position\":2,\"name\":\"Autisme bij kinderen: informatie voor ouders\",\"item\":\"https:\\\/\\\/www.autismejongekind.nl\\\/autisme-bij-kinderen-informatie-voor-ouders\\\/\"},{\"@type\":\"ListItem\",\"position\":3,\"name\":\"Autisme vaststellen door onderzoek\",\"item\":\"https:\\\/\\\/www.autismejongekind.nl\\\/autisme-bij-kinderen-informatie-voor-ouders\\\/autisme-vaststellen-door-onderzoek\\\/\"},{\"@type\":\"ListItem\",\"position\":4,\"name\":\"Hoe verloopt het onderzoekstraject bij autisme?\"}]},{\"@type\":\"WebSite\",\"@id\":\"https:\\\/\\\/www.autismejongekind.nl\\\/#website\",\"url\":\"https:\\\/\\\/www.autismejongekind.nl\\\/\",\"name\":\"Autisme Jonge Kind\",\"description\":\"\",\"potentialAction\":[{\"@type\":\"SearchAction\",\"target\":{\"@type\":\"EntryPoint\",\"urlTemplate\":\"https:\\\/\\\/www.autismejongekind.nl\\\/?s={search_term_string}\"},\"query-input\":{\"@type\":\"PropertyValueSpecification\",\"valueRequired\":true,\"valueName\":\"search_term_string\"}}],\"inLanguage\":\"tr\"}]}<\/script>\n<!-- \/ Yoast SEO plugin. -->","yoast_head_json":{"title":"\u00c7ocu\u011funuza nas\u0131l otizm te\u015fhisi konulur?","description":"\u00c7ocu\u011funuzda otizm olabilir ve de\u011ferlendirmelerden ge\u00e7ecektir. Burada de\u011ferlendirme s\u00fcreci hakk\u0131nda daha fazla bilgi edinebilirsiniz. \u00d6rne\u011fin, hangi ad\u0131mlar\u0131n at\u0131ld\u0131\u011f\u0131 ve ne kadar s\u00fcrece\u011fi gibi konularda bilgi edinebilirsiniz.","robots":{"index":"index","follow":"follow","max-snippet":"max-snippet:-1","max-image-preview":"max-image-preview:large","max-video-preview":"max-video-preview:-1"},"canonical":"https:\/\/www.autismejongekind.nl\/tr\/cocuklarda-otizm-ebeveynler-icin-bilgilendirme\/otizmi-degerlendirme-yoluyla-teshis-etmek\/otizm-degerlendirmesi-nasil-yapilir\/","og_locale":"tr_TR","og_type":"article","og_title":"Hoe krijgt je kind de diagnose autisme?","og_description":"Je kind heeft mogelijk autisme en je doet onderzoek. Lees over het onderzoekstraject, welke stappen je moet nemen en hoe lang het duurt.","og_url":"https:\/\/www.autismejongekind.nl\/tr\/cocuklarda-otizm-ebeveynler-icin-bilgilendirme\/otizmi-degerlendirme-yoluyla-teshis-etmek\/otizm-degerlendirmesi-nasil-yapilir\/","og_site_name":"Autisme Jonge Kind","article_modified_time":"2026-04-24T10:41:08+00:00","og_image":[{"width":640,"height":413,"url":"https:\/\/www.autismejongekind.nl\/wp-content\/uploads\/2023\/03\/diagnose-traject.jpg","type":"image\/jpeg"}],"twitter_card":"summary_large_image","twitter_misc":{"Tahmini okuma s\u00fcresi":"5 dakika"},"schema":{"@context":"https:\/\/schema.org","@graph":[{"@type":"WebPage","@id":"https:\/\/www.autismejongekind.nl\/autisme-bij-kinderen-informatie-voor-ouders\/autisme-vaststellen-door-onderzoek\/hoe-verloopt-het-onderzoekstraject-bij-autisme\/","url":"https:\/\/www.autismejongekind.nl\/autisme-bij-kinderen-informatie-voor-ouders\/autisme-vaststellen-door-onderzoek\/hoe-verloopt-het-onderzoekstraject-bij-autisme\/","name":"\u00c7ocu\u011funuza nas\u0131l otizm te\u015fhisi konulur?","isPartOf":{"@id":"https:\/\/www.autismejongekind.nl\/#website"},"primaryImageOfPage":{"@id":"https:\/\/www.autismejongekind.nl\/autisme-bij-kinderen-informatie-voor-ouders\/autisme-vaststellen-door-onderzoek\/hoe-verloopt-het-onderzoekstraject-bij-autisme\/#primaryimage"},"image":{"@id":"https:\/\/www.autismejongekind.nl\/autisme-bij-kinderen-informatie-voor-ouders\/autisme-vaststellen-door-onderzoek\/hoe-verloopt-het-onderzoekstraject-bij-autisme\/#primaryimage"},"thumbnailUrl":"https:\/\/www.autismejongekind.nl\/wp-content\/uploads\/2023\/03\/diagnose-traject.jpg","datePublished":"2018-07-07T12:32:49+00:00","dateModified":"2026-04-24T10:41:08+00:00","description":"\u00c7ocu\u011funuzda otizm olabilir ve de\u011ferlendirmelerden ge\u00e7ecektir. Burada de\u011ferlendirme s\u00fcreci hakk\u0131nda daha fazla bilgi edinebilirsiniz. \u00d6rne\u011fin, hangi ad\u0131mlar\u0131n at\u0131ld\u0131\u011f\u0131 ve ne kadar s\u00fcrece\u011fi gibi konularda bilgi edinebilirsiniz.","breadcrumb":{"@id":"https:\/\/www.autismejongekind.nl\/autisme-bij-kinderen-informatie-voor-ouders\/autisme-vaststellen-door-onderzoek\/hoe-verloopt-het-onderzoekstraject-bij-autisme\/#breadcrumb"},"inLanguage":"tr","potentialAction":[{"@type":"ReadAction","target":["https:\/\/www.autismejongekind.nl\/autisme-bij-kinderen-informatie-voor-ouders\/autisme-vaststellen-door-onderzoek\/hoe-verloopt-het-onderzoekstraject-bij-autisme\/"]}]},{"@type":"ImageObject","inLanguage":"tr","@id":"https:\/\/www.autismejongekind.nl\/autisme-bij-kinderen-informatie-voor-ouders\/autisme-vaststellen-door-onderzoek\/hoe-verloopt-het-onderzoekstraject-bij-autisme\/#primaryimage","url":"https:\/\/www.autismejongekind.nl\/wp-content\/uploads\/2023\/03\/diagnose-traject.jpg","contentUrl":"https:\/\/www.autismejongekind.nl\/wp-content\/uploads\/2023\/03\/diagnose-traject.jpg","width":640,"height":413,"caption":"diagnose traject autisme"},{"@type":"BreadcrumbList","@id":"https:\/\/www.autismejongekind.nl\/autisme-bij-kinderen-informatie-voor-ouders\/autisme-vaststellen-door-onderzoek\/hoe-verloopt-het-onderzoekstraject-bij-autisme\/#breadcrumb","itemListElement":[{"@type":"ListItem","position":1,"name":"Home","item":"https:\/\/www.autismejongekind.nl\/"},{"@type":"ListItem","position":2,"name":"Autisme bij kinderen: informatie voor ouders","item":"https:\/\/www.autismejongekind.nl\/autisme-bij-kinderen-informatie-voor-ouders\/"},{"@type":"ListItem","position":3,"name":"Autisme vaststellen door onderzoek","item":"https:\/\/www.autismejongekind.nl\/autisme-bij-kinderen-informatie-voor-ouders\/autisme-vaststellen-door-onderzoek\/"},{"@type":"ListItem","position":4,"name":"Hoe verloopt het onderzoekstraject bij autisme?"}]},{"@type":"WebSite","@id":"https:\/\/www.autismejongekind.nl\/#website","url":"https:\/\/www.autismejongekind.nl\/","name":"Autisme Jonge Kind","description":"","potentialAction":[{"@type":"SearchAction","target":{"@type":"EntryPoint","urlTemplate":"https:\/\/www.autismejongekind.nl\/?s={search_term_string}"},"query-input":{"@type":"PropertyValueSpecification","valueRequired":true,"valueName":"search_term_string"}}],"inLanguage":"tr"}]}},"_links":{"self":[{"href":"https:\/\/www.autismejongekind.nl\/tr\/wp-json\/wp\/v2\/pages\/1053","targetHints":{"allow":["GET"]}}],"collection":[{"href":"https:\/\/www.autismejongekind.nl\/tr\/wp-json\/wp\/v2\/pages"}],"about":[{"href":"https:\/\/www.autismejongekind.nl\/tr\/wp-json\/wp\/v2\/types\/page"}],"author":[{"embeddable":true,"href":"https:\/\/www.autismejongekind.nl\/tr\/wp-json\/wp\/v2\/users\/27"}],"replies":[{"embeddable":true,"href":"https:\/\/www.autismejongekind.nl\/tr\/wp-json\/wp\/v2\/comments?post=1053"}],"version-history":[{"count":46,"href":"https:\/\/www.autismejongekind.nl\/tr\/wp-json\/wp\/v2\/pages\/1053\/revisions"}],"predecessor-version":[{"id":9354,"href":"https:\/\/www.autismejongekind.nl\/tr\/wp-json\/wp\/v2\/pages\/1053\/revisions\/9354"}],"up":[{"embeddable":true,"href":"https:\/\/www.autismejongekind.nl\/tr\/wp-json\/wp\/v2\/pages\/1049"}],"wp:featuredmedia":[{"embeddable":true,"href":"https:\/\/www.autismejongekind.nl\/tr\/wp-json\/wp\/v2\/media\/5997"}],"wp:attachment":[{"href":"https:\/\/www.autismejongekind.nl\/tr\/wp-json\/wp\/v2\/media?parent=1053"}],"curies":[{"name":"wp","href":"https:\/\/api.w.org\/{rel}","templated":true}]}}